{"id":812,"date":"2020-06-09T06:49:17","date_gmt":"2020-06-09T05:49:17","guid":{"rendered":"http:\/\/zwergenvilla-nuthetal.de\/?page_id=812"},"modified":"2020-08-28T08:53:12","modified_gmt":"2020-08-28T07:53:12","slug":"verkehrserziehung","status":"publish","type":"page","link":"https:\/\/zwergenvilla-nuthetal.de\/?page_id=812","title":{"rendered":"Verkehrserziehung"},"content":{"rendered":"\t\t<div data-elementor-type=\"wp-page\" data-elementor-id=\"812\" class=\"elementor elementor-812\" data-elementor-post-type=\"page\">\n\t\t\t\t\t\t<section class=\"elementor-section elementor-top-section elementor-element elementor-element-89f779c elementor-section-boxed elementor-section-height-default elementor-section-height-default\" data-id=\"89f779c\" data-element_type=\"section\" data-e-type=\"section\">\n\t\t\t\t\t\t<div class=\"elementor-container elementor-column-gap-default\">\n\t\t\t\t\t<div class=\"elementor-column elementor-col-100 elementor-top-column elementor-element elementor-element-4cff018\" data-id=\"4cff018\" data-element_type=\"column\" data-e-type=\"column\">\n\t\t\t<div class=\"elementor-widget-wrap elementor-element-populated\">\n\t\t\t\t\t\t\t<\/div>\n\t\t<\/div>\n\t\t\t\t\t<\/div>\n\t\t<\/section>\n\t\t\t\t<section class=\"elementor-section elementor-top-section elementor-element elementor-element-0411f43 elementor-section-boxed elementor-section-height-default elementor-section-height-default\" data-id=\"0411f43\" data-element_type=\"section\" data-e-type=\"section\">\n\t\t\t\t\t\t<div class=\"elementor-container elementor-column-gap-default\">\n\t\t\t\t\t<div class=\"elementor-column elementor-col-100 elementor-top-column elementor-element elementor-element-8ff5b75\" data-id=\"8ff5b75\" data-element_type=\"column\" data-e-type=\"column\">\n\t\t\t<div class=\"elementor-widget-wrap elementor-element-populated\">\n\t\t\t\t\t\t<div class=\"elementor-element elementor-element-8fc9503 elementor-widget elementor-widget-text-editor\" data-id=\"8fc9503\" data-element_type=\"widget\" data-e-type=\"widget\" data-widget_type=\"text-editor.default\">\n\t\t\t\t<div class=\"elementor-widget-container\">\n\t\t\t\t\t\t\t\t\t<p>Kinder bewegen sich bereits im Kindergartenalter im Stra\u00dfenverkehr. Auch wenn die Kleinen von Erwachsenen begleitet werden, sollten sie m\u00f6glichst fr\u00fch sicheres Verhalten erlernen. Daher beginnen wir bereits im Kindergartenalter uns mit den Kindern aktiv im Stra\u00dfenverkehr zu bewegen<strong> und arbeiten zus\u00e4tzlich im Vorschulbereich aktiv mit der Verkehrswacht zusammen.<br><\/strong><\/p>\t\t\t\t\t\t\t\t<\/div>\n\t\t\t\t<\/div>\n\t\t\t\t\t<\/div>\n\t\t<\/div>\n\t\t\t\t\t<\/div>\n\t\t<\/section>\n\t\t\t\t<section class=\"elementor-section elementor-top-section elementor-element elementor-element-fa5458d elementor-section-boxed elementor-section-height-default elementor-section-height-default\" data-id=\"fa5458d\" data-element_type=\"section\" data-e-type=\"section\">\n\t\t\t\t\t\t<div class=\"elementor-container elementor-column-gap-default\">\n\t\t\t\t\t<div class=\"elementor-column elementor-col-100 elementor-top-column elementor-element elementor-element-523c02f\" data-id=\"523c02f\" data-element_type=\"column\" data-e-type=\"column\">\n\t\t\t<div class=\"elementor-widget-wrap elementor-element-populated\">\n\t\t\t\t\t\t<div class=\"elementor-element elementor-element-55450ea elementor-widget elementor-widget-gallery\" data-id=\"55450ea\" data-element_type=\"widget\" data-e-type=\"widget\" data-settings=\"{&quot;lazyload&quot;:&quot;yes&quot;,&quot;gallery_layout&quot;:&quot;grid&quot;,&quot;columns&quot;:4,&quot;columns_tablet&quot;:2,&quot;columns_mobile&quot;:1,&quot;gap&quot;:{&quot;unit&quot;:&quot;px&quot;,&quot;size&quot;:10,&quot;sizes&quot;:[]},&quot;gap_tablet&quot;:{&quot;unit&quot;:&quot;px&quot;,&quot;size&quot;:10,&quot;sizes&quot;:[]},&quot;gap_mobile&quot;:{&quot;unit&quot;:&quot;px&quot;,&quot;size&quot;:10,&quot;sizes&quot;:[]},&quot;link_to&quot;:&quot;file&quot;,&quot;aspect_ratio&quot;:&quot;3:2&quot;,&quot;overlay_background&quot;:&quot;yes&quot;,&quot;content_hover_animation&quot;:&quot;fade-in&quot;}\" data-widget_type=\"gallery.default\">\n\t\t\t\t<div class=\"elementor-widget-container\">\n\t\t\t\t\t\t\t<div class=\"elementor-gallery__container\">\n\t\t\t\t\t\t\t<a class=\"e-gallery-item elementor-gallery-item elementor-animated-content\" href=\"https:\/\/zwergenvilla-nuthetal.de\/wp-content\/uploads\/2020\/07\/DSC00437-scaled.jpg\" data-elementor-open-lightbox=\"yes\" data-elementor-lightbox-slideshow=\"55450ea\" data-elementor-lightbox-title=\"Verkehrserziehung\" data-e-action-hash=\"#elementor-action%3Aaction%3Dlightbox%26settings%3DeyJpZCI6MTQwNSwidXJsIjoiaHR0cHM6XC9cL3p3ZXJnZW52aWxsYS1udXRoZXRhbC5kZVwvd3AtY29udGVudFwvdXBsb2Fkc1wvMjAyMFwvMDdcL0RTQzAwNDM3LXNjYWxlZC5qcGciLCJzbGlkZXNob3ciOiI1NTQ1MGVhIn0%3D\">\n\t\t\t\t\t<div class=\"e-gallery-image elementor-gallery-item__image\" data-thumbnail=\"https:\/\/zwergenvilla-nuthetal.de\/wp-content\/uploads\/2020\/07\/DSC00437-300x225.jpg\" data-width=\"300\" data-height=\"225\" aria-label=\"\" role=\"img\" ><\/div>\n\t\t\t\t\t\t\t\t\t\t\t<div class=\"elementor-gallery-item__overlay\"><\/div>\n\t\t\t\t\t\t\t\t\t\t\t\t\t\t<\/a>\n\t\t\t\t\t\t\t<a class=\"e-gallery-item elementor-gallery-item elementor-animated-content\" href=\"https:\/\/zwergenvilla-nuthetal.de\/wp-content\/uploads\/2020\/07\/DSC00421-scaled.jpg?v=1593774193\" data-elementor-open-lightbox=\"yes\" data-elementor-lightbox-slideshow=\"55450ea\" data-elementor-lightbox-title=\"Verkehrserziehung\" data-e-action-hash=\"#elementor-action%3Aaction%3Dlightbox%26settings%3DeyJpZCI6MTQwMywidXJsIjoiaHR0cHM6XC9cL3p3ZXJnZW52aWxsYS1udXRoZXRhbC5kZVwvd3AtY29udGVudFwvdXBsb2Fkc1wvMjAyMFwvMDdcL0RTQzAwNDIxLXNjYWxlZC5qcGciLCJzbGlkZXNob3ciOiI1NTQ1MGVhIn0%3D\">\n\t\t\t\t\t<div class=\"e-gallery-image elementor-gallery-item__image\" data-thumbnail=\"https:\/\/zwergenvilla-nuthetal.de\/wp-content\/uploads\/2020\/07\/DSC00421-300x225.jpg?v=1593774193\" data-width=\"300\" data-height=\"225\" aria-label=\"\" role=\"img\" ><\/div>\n\t\t\t\t\t\t\t\t\t\t\t<div class=\"elementor-gallery-item__overlay\"><\/div>\n\t\t\t\t\t\t\t\t\t\t\t\t\t\t<\/a>\n\t\t\t\t\t\t\t<a class=\"e-gallery-item elementor-gallery-item elementor-animated-content\" href=\"https:\/\/zwergenvilla-nuthetal.de\/wp-content\/uploads\/2020\/07\/IMG_5321-scaled.jpg?v=1593774571\" data-elementor-open-lightbox=\"yes\" data-elementor-lightbox-slideshow=\"55450ea\" data-elementor-lightbox-title=\"Verkehrserziehung\" data-e-action-hash=\"#elementor-action%3Aaction%3Dlightbox%26settings%3DeyJpZCI6MTM5OCwidXJsIjoiaHR0cHM6XC9cL3p3ZXJnZW52aWxsYS1udXRoZXRhbC5kZVwvd3AtY29udGVudFwvdXBsb2Fkc1wvMjAyMFwvMDdcL0lNR181MzIxLXNjYWxlZC5qcGciLCJzbGlkZXNob3ciOiI1NTQ1MGVhIn0%3D\">\n\t\t\t\t\t<div class=\"e-gallery-image elementor-gallery-item__image\" data-thumbnail=\"https:\/\/zwergenvilla-nuthetal.de\/wp-content\/uploads\/2020\/07\/IMG_5321-300x200.jpg?v=1593774571\" data-width=\"300\" data-height=\"200\" aria-label=\"\" role=\"img\" ><\/div>\n\t\t\t\t\t\t\t\t\t\t\t<div class=\"elementor-gallery-item__overlay\"><\/div>\n\t\t\t\t\t\t\t\t\t\t\t\t\t\t<\/a>\n\t\t\t\t\t\t\t<a class=\"e-gallery-item elementor-gallery-item elementor-animated-content\" href=\"https:\/\/zwergenvilla-nuthetal.de\/wp-content\/uploads\/2020\/07\/IMG-20161020-WA0026.jpg?v=1593774532\" data-elementor-open-lightbox=\"yes\" data-elementor-lightbox-slideshow=\"55450ea\" data-elementor-lightbox-title=\"Verkehrserziehung\" data-e-action-hash=\"#elementor-action%3Aaction%3Dlightbox%26settings%3DeyJpZCI6MTM5OSwidXJsIjoiaHR0cHM6XC9cL3p3ZXJnZW52aWxsYS1udXRoZXRhbC5kZVwvd3AtY29udGVudFwvdXBsb2Fkc1wvMjAyMFwvMDdcL0lNRy0yMDE2MTAyMC1XQTAwMjYuanBnIiwic2xpZGVzaG93IjoiNTU0NTBlYSJ9\">\n\t\t\t\t\t<div class=\"e-gallery-image elementor-gallery-item__image\" data-thumbnail=\"https:\/\/zwergenvilla-nuthetal.de\/wp-content\/uploads\/2020\/07\/IMG-20161020-WA0026-225x300.jpg?v=1593774532\" data-width=\"225\" data-height=\"300\" aria-label=\"\" role=\"img\" ><\/div>\n\t\t\t\t\t\t\t\t\t\t\t<div class=\"elementor-gallery-item__overlay\"><\/div>\n\t\t\t\t\t\t\t\t\t\t\t\t\t\t<\/a>\n\t\t\t\t\t\t\t<a class=\"e-gallery-item elementor-gallery-item elementor-animated-content\" href=\"https:\/\/zwergenvilla-nuthetal.de\/wp-content\/uploads\/2020\/07\/DSC00432-scaled.jpg\" data-elementor-open-lightbox=\"yes\" data-elementor-lightbox-slideshow=\"55450ea\" data-elementor-lightbox-title=\"Verkehrserziehung\" data-e-action-hash=\"#elementor-action%3Aaction%3Dlightbox%26settings%3DeyJpZCI6MTQwNCwidXJsIjoiaHR0cHM6XC9cL3p3ZXJnZW52aWxsYS1udXRoZXRhbC5kZVwvd3AtY29udGVudFwvdXBsb2Fkc1wvMjAyMFwvMDdcL0RTQzAwNDMyLXNjYWxlZC5qcGciLCJzbGlkZXNob3ciOiI1NTQ1MGVhIn0%3D\">\n\t\t\t\t\t<div class=\"e-gallery-image elementor-gallery-item__image\" data-thumbnail=\"https:\/\/zwergenvilla-nuthetal.de\/wp-content\/uploads\/2020\/07\/DSC00432-300x225.jpg\" data-width=\"300\" data-height=\"225\" aria-label=\"\" role=\"img\" ><\/div>\n\t\t\t\t\t\t\t\t\t\t\t<div class=\"elementor-gallery-item__overlay\"><\/div>\n\t\t\t\t\t\t\t\t\t\t\t\t\t\t<\/a>\n\t\t\t\t\t\t\t<a class=\"e-gallery-item elementor-gallery-item elementor-animated-content\" href=\"https:\/\/zwergenvilla-nuthetal.de\/wp-content\/uploads\/2020\/07\/IMG-20190619-WA0015-1.jpg?v=1593765549\" data-elementor-open-lightbox=\"yes\" data-elementor-lightbox-slideshow=\"55450ea\" data-elementor-lightbox-title=\"Verkehrserziehung\" data-e-action-hash=\"#elementor-action%3Aaction%3Dlightbox%26settings%3DeyJpZCI6MTQwMiwidXJsIjoiaHR0cHM6XC9cL3p3ZXJnZW52aWxsYS1udXRoZXRhbC5kZVwvd3AtY29udGVudFwvdXBsb2Fkc1wvMjAyMFwvMDdcL0lNRy0yMDE5MDYxOS1XQTAwMTUtMS5qcGciLCJzbGlkZXNob3ciOiI1NTQ1MGVhIn0%3D\">\n\t\t\t\t\t<div class=\"e-gallery-image elementor-gallery-item__image\" data-thumbnail=\"https:\/\/zwergenvilla-nuthetal.de\/wp-content\/uploads\/2020\/07\/IMG-20190619-WA0015-1-300x225.jpg?v=1593765549\" data-width=\"300\" data-height=\"225\" aria-label=\"\" role=\"img\" ><\/div>\n\t\t\t\t\t\t\t\t\t\t\t<div class=\"elementor-gallery-item__overlay\"><\/div>\n\t\t\t\t\t\t\t\t\t\t\t\t\t\t<\/a>\n\t\t\t\t\t\t\t<a class=\"e-gallery-item elementor-gallery-item elementor-animated-content\" href=\"https:\/\/zwergenvilla-nuthetal.de\/wp-content\/uploads\/2020\/07\/IMG-20190619-WA0002.jpg?v=1593765959\" data-elementor-open-lightbox=\"yes\" data-elementor-lightbox-slideshow=\"55450ea\" data-elementor-lightbox-title=\"Verkehrserziehung\" data-e-action-hash=\"#elementor-action%3Aaction%3Dlightbox%26settings%3DeyJpZCI6MTQwNywidXJsIjoiaHR0cHM6XC9cL3p3ZXJnZW52aWxsYS1udXRoZXRhbC5kZVwvd3AtY29udGVudFwvdXBsb2Fkc1wvMjAyMFwvMDdcL0lNRy0yMDE5MDYxOS1XQTAwMDIuanBnIiwic2xpZGVzaG93IjoiNTU0NTBlYSJ9\">\n\t\t\t\t\t<div class=\"e-gallery-image elementor-gallery-item__image\" data-thumbnail=\"https:\/\/zwergenvilla-nuthetal.de\/wp-content\/uploads\/2020\/07\/IMG-20190619-WA0002-300x225.jpg?v=1593765959\" data-width=\"300\" data-height=\"225\" aria-label=\"\" role=\"img\" ><\/div>\n\t\t\t\t\t\t\t\t\t\t\t<div class=\"elementor-gallery-item__overlay\"><\/div>\n\t\t\t\t\t\t\t\t\t\t\t\t\t\t<\/a>\n\t\t\t\t\t\t\t<a class=\"e-gallery-item elementor-gallery-item elementor-animated-content\" href=\"https:\/\/zwergenvilla-nuthetal.de\/wp-content\/uploads\/2020\/07\/IMG-20190619-WA0009.jpg?v=1593765963\" data-elementor-open-lightbox=\"yes\" data-elementor-lightbox-slideshow=\"55450ea\" data-elementor-lightbox-title=\"Verkehrserziehug\" data-e-action-hash=\"#elementor-action%3Aaction%3Dlightbox%26settings%3DeyJpZCI6MTQwOCwidXJsIjoiaHR0cHM6XC9cL3p3ZXJnZW52aWxsYS1udXRoZXRhbC5kZVwvd3AtY29udGVudFwvdXBsb2Fkc1wvMjAyMFwvMDdcL0lNRy0yMDE5MDYxOS1XQTAwMDkuanBnIiwic2xpZGVzaG93IjoiNTU0NTBlYSJ9\">\n\t\t\t\t\t<div class=\"e-gallery-image elementor-gallery-item__image\" data-thumbnail=\"https:\/\/zwergenvilla-nuthetal.de\/wp-content\/uploads\/2020\/07\/IMG-20190619-WA0009-300x225.jpg?v=1593765963\" data-width=\"300\" data-height=\"225\" aria-label=\"\" role=\"img\" ><\/div>\n\t\t\t\t\t\t\t\t\t\t\t<div class=\"elementor-gallery-item__overlay\"><\/div>\n\t\t\t\t\t\t\t\t\t\t\t\t\t\t<\/a>\n\t\t\t\t\t<\/div>\n\t\t\t\t\t<\/div>\n\t\t\t\t<\/div>\n\t\t\t\t<div class=\"elementor-element elementor-element-f7e855e elementor-widget elementor-widget-spacer\" data-id=\"f7e855e\" data-element_type=\"widget\" data-e-type=\"widget\" data-widget_type=\"spacer.default\">\n\t\t\t\t<div class=\"elementor-widget-container\">\n\t\t\t\t\t\t\t<div class=\"elementor-spacer\">\n\t\t\t<div class=\"elementor-spacer-inner\"><\/div>\n\t\t<\/div>\n\t\t\t\t\t\t<\/div>\n\t\t\t\t<\/div>\n\t\t\t\t\t<\/div>\n\t\t<\/div>\n\t\t\t\t\t<\/div>\n\t\t<\/section>\n\t\t\t\t<section class=\"elementor-section elementor-top-section elementor-element elementor-element-20eb3c9 elementor-section-boxed elementor-section-height-default elementor-section-height-default\" data-id=\"20eb3c9\" data-element_type=\"section\" data-e-type=\"section\">\n\t\t\t\t\t\t<div class=\"elementor-container elementor-column-gap-default\">\n\t\t\t\t\t<div class=\"elementor-column elementor-col-50 elementor-top-column elementor-element elementor-element-67a20cd\" data-id=\"67a20cd\" data-element_type=\"column\" data-e-type=\"column\">\n\t\t\t<div class=\"elementor-widget-wrap elementor-element-populated\">\n\t\t\t\t\t\t<div class=\"elementor-element elementor-element-0e538f2 elementor-widget elementor-widget-text-editor\" data-id=\"0e538f2\" data-element_type=\"widget\" data-e-type=\"widget\" data-widget_type=\"text-editor.default\">\n\t\t\t\t<div class=\"elementor-widget-container\">\n\t\t\t\t\t\t\t\t\t<p>Auch auf dem Weg in den Wald oder zum Spielplatz kann es zu unvorhersehbaren Situationen im Stra\u00dfenverkehr kommen, auf die wir die Kinder vorbereiten m\u00f6chten. Bereits auf kleineren Spazierg\u00e4ngen k\u00f6nnen Kinder lernen, wie sie sich an der Stra\u00dfe richtig verhalten m\u00fcssen. Um verschiedenen Verkehrssituationen gewachsen zu sein, m\u00fcssen Kinder nicht nur Verkehrsregeln kennen und Schilder verstehen, sondern auch das eigene Verhalten reflektieren und sich entsprechend der jeweiligen Situation richtig verhalten. Dies m\u00fcssen Kinder von Klein auf lernen und durch fortw\u00e4hrende Wiederholungen festigen. Dabei werden nicht nur Verkehrssicherheit, sondern auch F\u00e4higkeiten geschult, um im Stra\u00dfenverkehr sicher unterwegs sein zu k\u00f6nnen:<\/p>\t\t\t\t\t\t\t\t<\/div>\n\t\t\t\t<\/div>\n\t\t\t\t\t<\/div>\n\t\t<\/div>\n\t\t\t\t<div class=\"elementor-column elementor-col-50 elementor-top-column elementor-element elementor-element-cdbe8cc\" data-id=\"cdbe8cc\" data-element_type=\"column\" data-e-type=\"column\">\n\t\t\t<div class=\"elementor-widget-wrap elementor-element-populated\">\n\t\t\t\t\t\t<div class=\"elementor-element elementor-element-748cc71 elementor-widget elementor-widget-image\" data-id=\"748cc71\" data-element_type=\"widget\" data-e-type=\"widget\" data-widget_type=\"image.default\">\n\t\t\t\t<div class=\"elementor-widget-container\">\n\t\t\t\t\t\t\t\t\t\t\t\t\t\t\t<img fetchpriority=\"high\" decoding=\"async\" width=\"707\" height=\"1024\" src=\"https:\/\/zwergenvilla-nuthetal.de\/wp-content\/uploads\/2020\/07\/20170424_103731-rotated-e1593766373150-707x1024.jpg?v=1593766363\" class=\"attachment-large size-large wp-image-1410\" alt=\"\" srcset=\"https:\/\/zwergenvilla-nuthetal.de\/wp-content\/uploads\/2020\/07\/20170424_103731-rotated-e1593766373150-707x1024.jpg?v=1593766363 707w, https:\/\/zwergenvilla-nuthetal.de\/wp-content\/uploads\/2020\/07\/20170424_103731-rotated-e1593766373150-207x300.jpg?v=1593766363 207w, https:\/\/zwergenvilla-nuthetal.de\/wp-content\/uploads\/2020\/07\/20170424_103731-rotated-e1593766373150-768x1113.jpg?v=1593766363 768w, https:\/\/zwergenvilla-nuthetal.de\/wp-content\/uploads\/2020\/07\/20170424_103731-rotated-e1593766373150-1060x1536.jpg?v=1593766363 1060w, https:\/\/zwergenvilla-nuthetal.de\/wp-content\/uploads\/2020\/07\/20170424_103731-rotated-e1593766373150-17x24.jpg?v=1593766363 17w, https:\/\/zwergenvilla-nuthetal.de\/wp-content\/uploads\/2020\/07\/20170424_103731-rotated-e1593766373150-25x36.jpg?v=1593766363 25w, https:\/\/zwergenvilla-nuthetal.de\/wp-content\/uploads\/2020\/07\/20170424_103731-rotated-e1593766373150-33x48.jpg?v=1593766363 33w, https:\/\/zwergenvilla-nuthetal.de\/wp-content\/uploads\/2020\/07\/20170424_103731-rotated-e1593766373150.jpg?v=1593766363 1152w\" sizes=\"(max-width: 707px) 100vw, 707px\" \/>\t\t\t\t\t\t\t\t\t\t\t\t\t\t\t<\/div>\n\t\t\t\t<\/div>\n\t\t\t\t\t<\/div>\n\t\t<\/div>\n\t\t\t\t\t<\/div>\n\t\t<\/section>\n\t\t\t\t<section class=\"elementor-section elementor-top-section elementor-element elementor-element-74e7ca4 elementor-section-boxed elementor-section-height-default elementor-section-height-default\" data-id=\"74e7ca4\" data-element_type=\"section\" data-e-type=\"section\">\n\t\t\t\t\t\t<div class=\"elementor-container elementor-column-gap-default\">\n\t\t\t\t\t<div class=\"elementor-column elementor-col-50 elementor-top-column elementor-element elementor-element-4f6f86a\" data-id=\"4f6f86a\" data-element_type=\"column\" data-e-type=\"column\">\n\t\t\t<div class=\"elementor-widget-wrap elementor-element-populated\">\n\t\t\t\t\t\t<div class=\"elementor-element elementor-element-37b469f elementor-widget elementor-widget-text-editor\" data-id=\"37b469f\" data-element_type=\"widget\" data-e-type=\"widget\" data-widget_type=\"text-editor.default\">\n\t\t\t\t<div class=\"elementor-widget-container\">\n\t\t\t\t\t\t\t\t\t<ul><li>Gleichgewicht und Koordination<\/li><li>visuelle und akustische Wahrnehmung<\/li><li>Konzentrationsbereitschaft<\/li><li>Reaktionsverm\u00f6gen<\/li><li>Sozialkompetenz<\/li><\/ul><p>\u00a0<\/p>\t\t\t\t\t\t\t\t<\/div>\n\t\t\t\t<\/div>\n\t\t\t\t\t<\/div>\n\t\t<\/div>\n\t\t\t\t<div class=\"elementor-column elementor-col-50 elementor-top-column elementor-element elementor-element-a5ae955\" data-id=\"a5ae955\" data-element_type=\"column\" data-e-type=\"column\">\n\t\t\t<div class=\"elementor-widget-wrap elementor-element-populated\">\n\t\t\t\t\t\t<div class=\"elementor-element elementor-element-8eff08d elementor-widget elementor-widget-image\" data-id=\"8eff08d\" data-element_type=\"widget\" data-e-type=\"widget\" data-widget_type=\"image.default\">\n\t\t\t\t<div class=\"elementor-widget-container\">\n\t\t\t\t\t\t\t\t\t\t\t\t\t\t\t<img decoding=\"async\" width=\"1024\" height=\"576\" src=\"https:\/\/zwergenvilla-nuthetal.de\/wp-content\/uploads\/2020\/07\/20170424_103233-1024x576.jpg?v=1593773761\" class=\"attachment-large size-large wp-image-1412\" alt=\"\" srcset=\"https:\/\/zwergenvilla-nuthetal.de\/wp-content\/uploads\/2020\/07\/20170424_103233-1024x576.jpg?v=1593773761 1024w, https:\/\/zwergenvilla-nuthetal.de\/wp-content\/uploads\/2020\/07\/20170424_103233-300x169.jpg?v=1593773761 300w, https:\/\/zwergenvilla-nuthetal.de\/wp-content\/uploads\/2020\/07\/20170424_103233-768x432.jpg?v=1593773761 768w, https:\/\/zwergenvilla-nuthetal.de\/wp-content\/uploads\/2020\/07\/20170424_103233-1536x864.jpg?v=1593773761 1536w, https:\/\/zwergenvilla-nuthetal.de\/wp-content\/uploads\/2020\/07\/20170424_103233-24x14.jpg?v=1593773761 24w, https:\/\/zwergenvilla-nuthetal.de\/wp-content\/uploads\/2020\/07\/20170424_103233-36x20.jpg?v=1593773761 36w, https:\/\/zwergenvilla-nuthetal.de\/wp-content\/uploads\/2020\/07\/20170424_103233-48x27.jpg?v=1593773761 48w, https:\/\/zwergenvilla-nuthetal.de\/wp-content\/uploads\/2020\/07\/20170424_103233.jpg?v=1593773761 2048w\" sizes=\"(max-width: 1024px) 100vw, 1024px\" \/>\t\t\t\t\t\t\t\t\t\t\t\t\t\t\t<\/div>\n\t\t\t\t<\/div>\n\t\t\t\t\t<\/div>\n\t\t<\/div>\n\t\t\t\t\t<\/div>\n\t\t<\/section>\n\t\t\t\t<section class=\"elementor-section elementor-top-section elementor-element elementor-element-8e4bc11 elementor-section-boxed elementor-section-height-default elementor-section-height-default\" data-id=\"8e4bc11\" data-element_type=\"section\" data-e-type=\"section\">\n\t\t\t\t\t\t<div class=\"elementor-container elementor-column-gap-default\">\n\t\t\t\t\t<div class=\"elementor-column elementor-col-33 elementor-top-column elementor-element elementor-element-c2fcdfb\" data-id=\"c2fcdfb\" data-element_type=\"column\" data-e-type=\"column\">\n\t\t\t<div class=\"elementor-widget-wrap elementor-element-populated\">\n\t\t\t\t\t\t<div class=\"elementor-element elementor-element-9df7e86 elementor-widget elementor-widget-gallery\" data-id=\"9df7e86\" data-element_type=\"widget\" data-e-type=\"widget\" data-settings=\"{&quot;columns&quot;:1,&quot;gap&quot;:{&quot;unit&quot;:&quot;px&quot;,&quot;size&quot;:16,&quot;sizes&quot;:[]},&quot;lazyload&quot;:&quot;yes&quot;,&quot;gallery_layout&quot;:&quot;grid&quot;,&quot;columns_tablet&quot;:2,&quot;columns_mobile&quot;:1,&quot;gap_tablet&quot;:{&quot;unit&quot;:&quot;px&quot;,&quot;size&quot;:10,&quot;sizes&quot;:[]},&quot;gap_mobile&quot;:{&quot;unit&quot;:&quot;px&quot;,&quot;size&quot;:10,&quot;sizes&quot;:[]},&quot;link_to&quot;:&quot;file&quot;,&quot;aspect_ratio&quot;:&quot;3:2&quot;,&quot;overlay_background&quot;:&quot;yes&quot;,&quot;content_hover_animation&quot;:&quot;fade-in&quot;}\" data-widget_type=\"gallery.default\">\n\t\t\t\t<div class=\"elementor-widget-container\">\n\t\t\t\t\t\t\t<div class=\"elementor-gallery__container\">\n\t\t\t\t\t\t\t<a class=\"e-gallery-item elementor-gallery-item elementor-animated-content\" href=\"https:\/\/zwergenvilla-nuthetal.de\/wp-content\/uploads\/2020\/07\/IMG_6847-scaled.jpg?v=1593774756\" data-elementor-open-lightbox=\"yes\" data-elementor-lightbox-slideshow=\"9df7e86\" data-elementor-lightbox-title=\"Spielplatz\" data-e-action-hash=\"#elementor-action%3Aaction%3Dlightbox%26settings%3DeyJpZCI6MTM4OCwidXJsIjoiaHR0cHM6XC9cL3p3ZXJnZW52aWxsYS1udXRoZXRhbC5kZVwvd3AtY29udGVudFwvdXBsb2Fkc1wvMjAyMFwvMDdcL0lNR182ODQ3LXNjYWxlZC5qcGciLCJzbGlkZXNob3ciOiI5ZGY3ZTg2In0%3D\">\n\t\t\t\t\t<div class=\"e-gallery-image elementor-gallery-item__image\" data-thumbnail=\"https:\/\/zwergenvilla-nuthetal.de\/wp-content\/uploads\/2020\/07\/IMG_6847-768x576.jpg?v=1593774756\" data-width=\"768\" data-height=\"576\" aria-label=\"\" role=\"img\" ><\/div>\n\t\t\t\t\t\t\t\t\t\t\t<div class=\"elementor-gallery-item__overlay\"><\/div>\n\t\t\t\t\t\t\t\t\t\t\t\t\t\t<\/a>\n\t\t\t\t\t\t\t<a class=\"e-gallery-item elementor-gallery-item elementor-animated-content\" href=\"https:\/\/zwergenvilla-nuthetal.de\/wp-content\/uploads\/2020\/07\/20170818_100513-scaled.jpg\" data-elementor-open-lightbox=\"yes\" data-elementor-lightbox-slideshow=\"9df7e86\" data-elementor-lightbox-title=\"Fahrzeugstrecke\" data-e-action-hash=\"#elementor-action%3Aaction%3Dlightbox%26settings%3DeyJpZCI6MTM4OSwidXJsIjoiaHR0cHM6XC9cL3p3ZXJnZW52aWxsYS1udXRoZXRhbC5kZVwvd3AtY29udGVudFwvdXBsb2Fkc1wvMjAyMFwvMDdcLzIwMTcwODE4XzEwMDUxMy1zY2FsZWQuanBnIiwic2xpZGVzaG93IjoiOWRmN2U4NiJ9\">\n\t\t\t\t\t<div class=\"e-gallery-image elementor-gallery-item__image\" data-thumbnail=\"https:\/\/zwergenvilla-nuthetal.de\/wp-content\/uploads\/2020\/07\/20170818_100513-768x576.jpg\" data-width=\"768\" data-height=\"576\" aria-label=\"\" role=\"img\" ><\/div>\n\t\t\t\t\t\t\t\t\t\t\t<div class=\"elementor-gallery-item__overlay\"><\/div>\n\t\t\t\t\t\t\t\t\t\t\t\t\t\t<\/a>\n\t\t\t\t\t\t\t<a class=\"e-gallery-item elementor-gallery-item elementor-animated-content\" href=\"https:\/\/zwergenvilla-nuthetal.de\/wp-content\/uploads\/2020\/07\/DSC01373-scaled.jpg?v=1593774603\" data-elementor-open-lightbox=\"yes\" data-elementor-lightbox-slideshow=\"9df7e86\" data-elementor-lightbox-title=\"Fahrzeugstrecke\" data-e-action-hash=\"#elementor-action%3Aaction%3Dlightbox%26settings%3DeyJpZCI6MTM5NCwidXJsIjoiaHR0cHM6XC9cL3p3ZXJnZW52aWxsYS1udXRoZXRhbC5kZVwvd3AtY29udGVudFwvdXBsb2Fkc1wvMjAyMFwvMDdcL0RTQzAxMzczLXNjYWxlZC5qcGciLCJzbGlkZXNob3ciOiI5ZGY3ZTg2In0%3D\">\n\t\t\t\t\t<div class=\"e-gallery-image elementor-gallery-item__image\" data-thumbnail=\"https:\/\/zwergenvilla-nuthetal.de\/wp-content\/uploads\/2020\/07\/DSC01373-768x576.jpg?v=1593774603\" data-width=\"768\" data-height=\"576\" aria-label=\"\" role=\"img\" ><\/div>\n\t\t\t\t\t\t\t\t\t\t\t<div class=\"elementor-gallery-item__overlay\"><\/div>\n\t\t\t\t\t\t\t\t\t\t\t\t\t\t<\/a>\n\t\t\t\t\t<\/div>\n\t\t\t\t\t<\/div>\n\t\t\t\t<\/div>\n\t\t\t\t\t<\/div>\n\t\t<\/div>\n\t\t\t\t<div class=\"elementor-column elementor-col-66 elementor-top-column elementor-element elementor-element-2596862\" data-id=\"2596862\" data-element_type=\"column\" data-e-type=\"column\">\n\t\t\t<div class=\"elementor-widget-wrap elementor-element-populated\">\n\t\t\t\t\t\t<div class=\"elementor-element elementor-element-42a865b elementor-widget elementor-widget-text-editor\" data-id=\"42a865b\" data-element_type=\"widget\" data-e-type=\"widget\" data-widget_type=\"text-editor.default\">\n\t\t\t\t<div class=\"elementor-widget-container\">\n\t\t\t\t\t\t\t\t\t<p>Kinderfahrzeuge wie Roller, Laufrad und andere Rollger\u00e4te bringen Kinder in Bewegung. Das selbstst\u00e4ndige Rollen schult ganz nebenbei Motorik, Wahrnehmung und Koordination. Doch die rollenden Spielger\u00e4te k\u00f6nnen noch mehr. Sie bieten jede Menge Lern- und Spielstoff f\u00fcr Projekte, die wichtige Kompetenzen f\u00fcr die Verkehrssicherheit f\u00f6rdern.<\/p><p>Denn Roller, Laufrad &amp; Co.:<\/p><ul><li>schaffen Bewegungsfreude auf unserer Fahrzeugschleife und auf dem Spielplatz<\/li><li>vermitteln Bewegungserfahrungen<\/li><li>trainieren Kraft und Ausdauer bei \u201erollenden\u201c Ausfl\u00fcgen und durch Parcours, deren L\u00e4nge und Schwierigkeit allm\u00e4hlich gesteigert werden.<\/li><li>f\u00f6rdern verschiedene Wahrnehmungsformen,<\/li><li>das Erfahren von Geschwindigkeit beim Beschleunigen, Stoppen und Abbremsen<\/li><li>das Sehverm\u00f6gen beim Erkennen von Farben und Zeichen, beim Reagieren auf Signale, zur r\u00e4umlichen Wahrnehmung und Einsch\u00e4tzen der Geschwindigkeit anderer Verkehrsteilnehmer,<\/li><li>das H\u00f6rverm\u00f6gen und das Richtungsh\u00f6ren sowie den Gleichgewichtssinn.<\/li><li>verbessern die Koordinationsf\u00e4higkeit, z. B. wenn visuelle und akustische Signale in Fahr\u00fcbungen eingebunden werden.<\/li><li>st\u00e4rken Selbstbewusstsein, R\u00fccksichtnahme und Hilfsbereitschaft, denn beim Fahren in der Gruppe muss jedes Kind auf die anderen achten und sich mit ihnen verst\u00e4ndigen.<\/li><li>machen Kinder fitter und tragen so zur aktiven Unfallverh\u00fctung bei.<\/li><\/ul><div>\u00a0<\/div>\t\t\t\t\t\t\t\t<\/div>\n\t\t\t\t<\/div>\n\t\t\t\t\t<\/div>\n\t\t<\/div>\n\t\t\t\t\t<\/div>\n\t\t<\/section>\n\t\t\t\t<\/div>\n\t\t","protected":false},"excerpt":{"rendered":"<p>Kinder bewegen sich bereits im Kindergartenalter im Stra\u00dfenverkehr. Auch wenn die Kleinen von Erwachsenen begleitet werden, sollten sie m\u00f6glichst fr\u00fch sicheres Verhalten erlernen. Daher beginnen wir bereits im Kindergartenalter uns mit den Kindern aktiv im Stra\u00dfenverkehr zu bewegen und arbeiten zus\u00e4tzlich im Vorschulbereich aktiv mit der Verkehrswacht zusammen. Auch auf dem Weg in den Wald [&hellip;]<\/p>\n","protected":false},"author":1,"featured_media":0,"parent":0,"menu_order":0,"comment_status":"closed","ping_status":"closed","template":"","meta":{"ocean_post_layout":"","ocean_both_sidebars_style":"","ocean_both_sidebars_content_width":0,"ocean_both_sidebars_sidebars_width":0,"ocean_sidebar":"0","ocean_second_sidebar":"0","ocean_disable_margins":"enable","ocean_add_body_class":"","ocean_shortcode_before_top_bar":"","ocean_shortcode_after_top_bar":"","ocean_shortcode_before_header":"","ocean_shortcode_after_header":"","ocean_has_shortcode":"","ocean_shortcode_after_title":"","ocean_shortcode_before_footer_widgets":"","ocean_shortcode_after_footer_widgets":"","ocean_shortcode_before_footer_bottom":"","ocean_shortcode_after_footer_bottom":"","ocean_display_top_bar":"default","ocean_display_header":"default","ocean_header_style":"","ocean_center_header_left_menu":"0","ocean_custom_header_template":"0","ocean_custom_logo":0,"ocean_custom_retina_logo":0,"ocean_custom_logo_max_width":0,"ocean_custom_logo_tablet_max_width":0,"ocean_custom_logo_mobile_max_width":0,"ocean_custom_logo_max_height":0,"ocean_custom_logo_tablet_max_height":0,"ocean_custom_logo_mobile_max_height":0,"ocean_header_custom_menu":"0","ocean_menu_typo_font_family":"0","ocean_menu_typo_font_subset":"","ocean_menu_typo_font_size":0,"ocean_menu_typo_font_size_tablet":0,"ocean_menu_typo_font_size_mobile":0,"ocean_menu_typo_font_size_unit":"px","ocean_menu_typo_font_weight":"","ocean_menu_typo_font_weight_tablet":"","ocean_menu_typo_font_weight_mobile":"","ocean_menu_typo_transform":"","ocean_menu_typo_transform_tablet":"","ocean_menu_typo_transform_mobile":"","ocean_menu_typo_line_height":0,"ocean_menu_typo_line_height_tablet":0,"ocean_menu_typo_line_height_mobile":0,"ocean_menu_typo_line_height_unit":"","ocean_menu_typo_spacing":0,"ocean_menu_typo_spacing_tablet":0,"ocean_menu_typo_spacing_mobile":0,"ocean_menu_typo_spacing_unit":"","ocean_menu_link_color":"","ocean_menu_link_color_hover":"","ocean_menu_link_color_active":"","ocean_menu_link_background":"","ocean_menu_link_hover_background":"","ocean_menu_link_active_background":"","ocean_menu_social_links_bg":"","ocean_menu_social_hover_links_bg":"","ocean_menu_social_links_color":"","ocean_menu_social_hover_links_color":"","ocean_disable_title":"default","ocean_disable_heading":"default","ocean_post_title":"","ocean_post_subheading":"","ocean_post_title_style":"","ocean_post_title_background_color":"","ocean_post_title_background":0,"ocean_post_title_bg_image_position":"","ocean_post_title_bg_image_attachment":"","ocean_post_title_bg_image_repeat":"","ocean_post_title_bg_image_size":"","ocean_post_title_height":0,"ocean_post_title_bg_overlay":0.5,"ocean_post_title_bg_overlay_color":"","ocean_disable_breadcrumbs":"default","ocean_breadcrumbs_color":"","ocean_breadcrumbs_separator_color":"","ocean_breadcrumbs_links_color":"","ocean_breadcrumbs_links_hover_color":"","ocean_display_footer_widgets":"default","ocean_display_footer_bottom":"default","ocean_custom_footer_template":"0","omw_enable_modal_window":"enable","footnotes":""},"class_list":["post-812","page","type-page","status-publish","hentry","entry"],"_links":{"self":[{"href":"https:\/\/zwergenvilla-nuthetal.de\/index.php?rest_route=\/wp\/v2\/pages\/812","targetHints":{"allow":["GET"]}}],"collection":[{"href":"https:\/\/zwergenvilla-nuthetal.de\/index.php?rest_route=\/wp\/v2\/pages"}],"about":[{"href":"https:\/\/zwergenvilla-nuthetal.de\/index.php?rest_route=\/wp\/v2\/types\/page"}],"author":[{"embeddable":true,"href":"https:\/\/zwergenvilla-nuthetal.de\/index.php?rest_route=\/wp\/v2\/users\/1"}],"replies":[{"embeddable":true,"href":"https:\/\/zwergenvilla-nuthetal.de\/index.php?rest_route=%2Fwp%2Fv2%2Fcomments&post=812"}],"version-history":[{"count":14,"href":"https:\/\/zwergenvilla-nuthetal.de\/index.php?rest_route=\/wp\/v2\/pages\/812\/revisions"}],"predecessor-version":[{"id":1809,"href":"https:\/\/zwergenvilla-nuthetal.de\/index.php?rest_route=\/wp\/v2\/pages\/812\/revisions\/1809"}],"wp:attachment":[{"href":"https:\/\/zwergenvilla-nuthetal.de\/index.php?rest_route=%2Fwp%2Fv2%2Fmedia&parent=812"}],"curies":[{"name":"wp","href":"https:\/\/api.w.org\/{rel}","templated":true}]}}