{"id":808,"date":"2020-06-09T06:46:02","date_gmt":"2020-06-09T05:46:02","guid":{"rendered":"http:\/\/zwergenvilla-nuthetal.de\/?page_id=808"},"modified":"2020-07-06T19:02:58","modified_gmt":"2020-07-06T18:02:58","slug":"vorschule","status":"publish","type":"page","link":"https:\/\/zwergenvilla-nuthetal.de\/?page_id=808","title":{"rendered":"Vorschule"},"content":{"rendered":"\t\t<div data-elementor-type=\"wp-page\" data-elementor-id=\"808\" class=\"elementor elementor-808\" data-elementor-post-type=\"page\">\n\t\t\t\t\t\t<section class=\"elementor-section elementor-top-section elementor-element elementor-element-8e2ff75 elementor-section-boxed elementor-section-height-default elementor-section-height-default\" data-id=\"8e2ff75\" data-element_type=\"section\" data-e-type=\"section\">\n\t\t\t\t\t\t<div class=\"elementor-container elementor-column-gap-default\">\n\t\t\t\t\t<div class=\"elementor-column elementor-col-100 elementor-top-column elementor-element elementor-element-69f79ef\" data-id=\"69f79ef\" data-element_type=\"column\" data-e-type=\"column\">\n\t\t\t<div class=\"elementor-widget-wrap elementor-element-populated\">\n\t\t\t\t\t\t<div class=\"elementor-element elementor-element-42f92d8 elementor-widget elementor-widget-text-editor\" data-id=\"42f92d8\" data-element_type=\"widget\" data-e-type=\"widget\" data-widget_type=\"text-editor.default\">\n\t\t\t\t<div class=\"elementor-widget-container\">\n\t\t\t\t\t\t\t\t\t<p>Schulf\u00e4higkeit hei\u00dft nicht nur die Kinder auf Stillsitzen, Lesen, Schreiben und Rechnen lernen vorzubereiten, auch soziale, geistige, emotionale und motorische F\u00e4higkeiten spielen eine gro\u00dfe Rolle.&nbsp;<\/p>\n<p>Im letzten Jahr vor der Einschulung legen wir unser Augenmerk nochmal verst\u00e4rkt auf die F\u00e4higkeiten der Kinder. Dabei sind unsere Ziele f\u00fcr die Schulf\u00e4higkeit:<\/p>\n<ul><\/ul>\t\t\t\t\t\t\t\t<\/div>\n\t\t\t\t<\/div>\n\t\t\t\t\t<\/div>\n\t\t<\/div>\n\t\t\t\t\t<\/div>\n\t\t<\/section>\n\t\t\t\t<section class=\"elementor-section elementor-top-section elementor-element elementor-element-d26be12 elementor-section-boxed elementor-section-height-default elementor-section-height-default\" data-id=\"d26be12\" data-element_type=\"section\" data-e-type=\"section\">\n\t\t\t\t\t\t<div class=\"elementor-container elementor-column-gap-default\">\n\t\t\t\t\t<div class=\"elementor-column elementor-col-50 elementor-top-column elementor-element elementor-element-abcecec\" data-id=\"abcecec\" data-element_type=\"column\" data-e-type=\"column\">\n\t\t\t<div class=\"elementor-widget-wrap elementor-element-populated\">\n\t\t\t\t\t\t<div class=\"elementor-element elementor-element-a3be04e elementor-widget elementor-widget-text-editor\" data-id=\"a3be04e\" data-element_type=\"widget\" data-e-type=\"widget\" data-widget_type=\"text-editor.default\">\n\t\t\t\t<div class=\"elementor-widget-container\">\n\t\t\t\t\t\t\t\t\t<ul><li>Von den Eltern getrennt sein<\/li><li>Neue soziale Kontakte kn\u00fcpfen<\/li><li>Kritik ertragen<\/li><li>Lob in Abst\u00e4nden annehmen<\/li><li>Selbstst\u00e4ndig arbeiten und handeln<\/li><li>Ruhig arbeiten<\/li><li>Nach Hilfe fragen, wenn man mit eigenen Strategien nicht weiter kommt<\/li><li>Bed\u00fcrfnisse verbal ausdr\u00fccken<\/li><li>Selbstvertrauen, Selbstbewusstsein<\/li><li>Aufgeschlossenheit gegen\u00fcber Neuem<\/li><li>Verantwortung f\u00fcr sich und andere \u00fcbernehmen<\/li><li>Regeln verstehen und einhalten<\/li><li>Konflikte wahrnehmen und sich bei der L\u00f6sungsfindung aktiv einbringen<\/li><li>Durchhalteverm\u00f6gen, Standhalten bei Schwierigkeiten<\/li><li>Auftr\u00e4ge verstehen, verarbeiten und umsetzen<\/li><li>Aktiv zuh\u00f6ren<\/li><\/ul>\t\t\t\t\t\t\t\t<\/div>\n\t\t\t\t<\/div>\n\t\t\t\t\t<\/div>\n\t\t<\/div>\n\t\t\t\t<div class=\"elementor-column elementor-col-50 elementor-top-column elementor-element elementor-element-abc32df\" data-id=\"abc32df\" data-element_type=\"column\" data-e-type=\"column\">\n\t\t\t<div class=\"elementor-widget-wrap elementor-element-populated\">\n\t\t\t\t\t\t<div class=\"elementor-element elementor-element-43d5302 elementor-widget elementor-widget-image\" data-id=\"43d5302\" data-element_type=\"widget\" data-e-type=\"widget\" data-widget_type=\"image.default\">\n\t\t\t\t<div class=\"elementor-widget-container\">\n\t\t\t\t\t\t\t\t\t\t\t\t\t\t\t<img fetchpriority=\"high\" decoding=\"async\" width=\"1439\" height=\"2182\" src=\"https:\/\/zwergenvilla-nuthetal.de\/wp-content\/uploads\/2020\/07\/IMG_2474-scaled-e1593763100267.jpg?v=1593762338\" class=\"attachment-full size-full wp-image-1382\" alt=\"\" srcset=\"https:\/\/zwergenvilla-nuthetal.de\/wp-content\/uploads\/2020\/07\/IMG_2474-scaled-e1593763100267.jpg?v=1593762338 1439w, https:\/\/zwergenvilla-nuthetal.de\/wp-content\/uploads\/2020\/07\/IMG_2474-scaled-e1593763100267-198x300.jpg?v=1593762338 198w, https:\/\/zwergenvilla-nuthetal.de\/wp-content\/uploads\/2020\/07\/IMG_2474-scaled-e1593763100267-768x1165.jpg?v=1593762338 768w, https:\/\/zwergenvilla-nuthetal.de\/wp-content\/uploads\/2020\/07\/IMG_2474-scaled-e1593763100267-1013x1536.jpg?v=1593762338 1013w, https:\/\/zwergenvilla-nuthetal.de\/wp-content\/uploads\/2020\/07\/IMG_2474-scaled-e1593763100267-1351x2048.jpg?v=1593762338 1351w, https:\/\/zwergenvilla-nuthetal.de\/wp-content\/uploads\/2020\/07\/IMG_2474-scaled-e1593763100267-16x24.jpg?v=1593762338 16w, https:\/\/zwergenvilla-nuthetal.de\/wp-content\/uploads\/2020\/07\/IMG_2474-scaled-e1593763100267-24x36.jpg?v=1593762338 24w, https:\/\/zwergenvilla-nuthetal.de\/wp-content\/uploads\/2020\/07\/IMG_2474-scaled-e1593763100267-32x48.jpg?v=1593762338 32w, https:\/\/zwergenvilla-nuthetal.de\/wp-content\/uploads\/2020\/07\/IMG_2474-scaled-e1593763100267-675x1024.jpg?v=1593762338 675w\" sizes=\"(max-width: 1439px) 100vw, 1439px\" \/>\t\t\t\t\t\t\t\t\t\t\t\t\t\t\t<\/div>\n\t\t\t\t<\/div>\n\t\t\t\t\t<\/div>\n\t\t<\/div>\n\t\t\t\t\t<\/div>\n\t\t<\/section>\n\t\t\t\t<section class=\"elementor-section elementor-top-section elementor-element elementor-element-953c2b2 elementor-section-boxed elementor-section-height-default elementor-section-height-default\" data-id=\"953c2b2\" data-element_type=\"section\" data-e-type=\"section\">\n\t\t\t\t\t\t<div class=\"elementor-container elementor-column-gap-default\">\n\t\t\t\t\t<div class=\"elementor-column elementor-col-100 elementor-top-column elementor-element elementor-element-a236336\" data-id=\"a236336\" data-element_type=\"column\" data-e-type=\"column\">\n\t\t\t<div class=\"elementor-widget-wrap elementor-element-populated\">\n\t\t\t\t\t\t<div class=\"elementor-element elementor-element-904c462 elementor-widget elementor-widget-gallery\" data-id=\"904c462\" data-element_type=\"widget\" data-e-type=\"widget\" data-settings=\"{&quot;lazyload&quot;:&quot;yes&quot;,&quot;gallery_layout&quot;:&quot;grid&quot;,&quot;columns&quot;:4,&quot;columns_tablet&quot;:2,&quot;columns_mobile&quot;:1,&quot;gap&quot;:{&quot;unit&quot;:&quot;px&quot;,&quot;size&quot;:10,&quot;sizes&quot;:[]},&quot;gap_tablet&quot;:{&quot;unit&quot;:&quot;px&quot;,&quot;size&quot;:10,&quot;sizes&quot;:[]},&quot;gap_mobile&quot;:{&quot;unit&quot;:&quot;px&quot;,&quot;size&quot;:10,&quot;sizes&quot;:[]},&quot;link_to&quot;:&quot;file&quot;,&quot;aspect_ratio&quot;:&quot;3:2&quot;,&quot;overlay_background&quot;:&quot;yes&quot;,&quot;content_hover_animation&quot;:&quot;fade-in&quot;}\" data-widget_type=\"gallery.default\">\n\t\t\t\t<div class=\"elementor-widget-container\">\n\t\t\t\t\t\t\t<div class=\"elementor-gallery__container\">\n\t\t\t\t\t\t\t<a class=\"e-gallery-item elementor-gallery-item elementor-animated-content\" href=\"https:\/\/zwergenvilla-nuthetal.de\/wp-content\/uploads\/2020\/07\/20190318_131449-scaled.jpg\" data-elementor-open-lightbox=\"yes\" data-elementor-lightbox-slideshow=\"904c462\" data-elementor-lightbox-title=\"Vorschule\" data-e-action-hash=\"#elementor-action%3Aaction%3Dlightbox%26settings%3DeyJpZCI6MTM3OSwidXJsIjoiaHR0cHM6XC9cL3p3ZXJnZW52aWxsYS1udXRoZXRhbC5kZVwvd3AtY29udGVudFwvdXBsb2Fkc1wvMjAyMFwvMDdcLzIwMTkwMzE4XzEzMTQ0OS1zY2FsZWQuanBnIiwic2xpZGVzaG93IjoiOTA0YzQ2MiJ9\">\n\t\t\t\t\t<div class=\"e-gallery-image elementor-gallery-item__image\" data-thumbnail=\"https:\/\/zwergenvilla-nuthetal.de\/wp-content\/uploads\/2020\/07\/20190318_131449-225x300.jpg\" data-width=\"225\" data-height=\"300\" aria-label=\"\" role=\"img\" ><\/div>\n\t\t\t\t\t\t\t\t\t\t\t<div class=\"elementor-gallery-item__overlay\"><\/div>\n\t\t\t\t\t\t\t\t\t\t\t\t\t\t<\/a>\n\t\t\t\t\t\t\t<a class=\"e-gallery-item elementor-gallery-item elementor-animated-content\" href=\"https:\/\/zwergenvilla-nuthetal.de\/wp-content\/uploads\/2020\/07\/DSC01307-scaled.jpg\" data-elementor-open-lightbox=\"yes\" data-elementor-lightbox-slideshow=\"904c462\" data-elementor-lightbox-title=\"Vorschule\" data-e-action-hash=\"#elementor-action%3Aaction%3Dlightbox%26settings%3DeyJpZCI6MTM3NSwidXJsIjoiaHR0cHM6XC9cL3p3ZXJnZW52aWxsYS1udXRoZXRhbC5kZVwvd3AtY29udGVudFwvdXBsb2Fkc1wvMjAyMFwvMDdcL0RTQzAxMzA3LXNjYWxlZC5qcGciLCJzbGlkZXNob3ciOiI5MDRjNDYyIn0%3D\">\n\t\t\t\t\t<div class=\"e-gallery-image elementor-gallery-item__image\" data-thumbnail=\"https:\/\/zwergenvilla-nuthetal.de\/wp-content\/uploads\/2020\/07\/DSC01307-300x225.jpg\" data-width=\"300\" data-height=\"225\" aria-label=\"\" role=\"img\" ><\/div>\n\t\t\t\t\t\t\t\t\t\t\t<div class=\"elementor-gallery-item__overlay\"><\/div>\n\t\t\t\t\t\t\t\t\t\t\t\t\t\t<\/a>\n\t\t\t\t\t\t\t<a class=\"e-gallery-item elementor-gallery-item elementor-animated-content\" href=\"https:\/\/zwergenvilla-nuthetal.de\/wp-content\/uploads\/2020\/07\/DSC01275-scaled.jpg\" data-elementor-open-lightbox=\"yes\" data-elementor-lightbox-slideshow=\"904c462\" data-elementor-lightbox-title=\"Vorschule\" data-e-action-hash=\"#elementor-action%3Aaction%3Dlightbox%26settings%3DeyJpZCI6MTM3NCwidXJsIjoiaHR0cHM6XC9cL3p3ZXJnZW52aWxsYS1udXRoZXRhbC5kZVwvd3AtY29udGVudFwvdXBsb2Fkc1wvMjAyMFwvMDdcL0RTQzAxMjc1LXNjYWxlZC5qcGciLCJzbGlkZXNob3ciOiI5MDRjNDYyIn0%3D\">\n\t\t\t\t\t<div class=\"e-gallery-image elementor-gallery-item__image\" data-thumbnail=\"https:\/\/zwergenvilla-nuthetal.de\/wp-content\/uploads\/2020\/07\/DSC01275-300x225.jpg\" data-width=\"300\" data-height=\"225\" aria-label=\"\" role=\"img\" ><\/div>\n\t\t\t\t\t\t\t\t\t\t\t<div class=\"elementor-gallery-item__overlay\"><\/div>\n\t\t\t\t\t\t\t\t\t\t\t\t\t\t<\/a>\n\t\t\t\t\t\t\t<a class=\"e-gallery-item elementor-gallery-item elementor-animated-content\" href=\"https:\/\/zwergenvilla-nuthetal.de\/wp-content\/uploads\/2020\/07\/IMG_2457-2-scaled.jpg\" data-elementor-open-lightbox=\"yes\" data-elementor-lightbox-slideshow=\"904c462\" data-elementor-lightbox-title=\"Vorschule\" data-e-action-hash=\"#elementor-action%3Aaction%3Dlightbox%26settings%3DeyJpZCI6MTM3MiwidXJsIjoiaHR0cHM6XC9cL3p3ZXJnZW52aWxsYS1udXRoZXRhbC5kZVwvd3AtY29udGVudFwvdXBsb2Fkc1wvMjAyMFwvMDdcL0lNR18yNDU3LTItc2NhbGVkLmpwZyIsInNsaWRlc2hvdyI6IjkwNGM0NjIifQ%3D%3D\">\n\t\t\t\t\t<div class=\"e-gallery-image elementor-gallery-item__image\" data-thumbnail=\"https:\/\/zwergenvilla-nuthetal.de\/wp-content\/uploads\/2020\/07\/IMG_2457-2-300x169.jpg\" data-width=\"300\" data-height=\"169\" aria-label=\"\" role=\"img\" ><\/div>\n\t\t\t\t\t\t\t\t\t\t\t<div class=\"elementor-gallery-item__overlay\"><\/div>\n\t\t\t\t\t\t\t\t\t\t\t\t\t\t<\/a>\n\t\t\t\t\t<\/div>\n\t\t\t\t\t<\/div>\n\t\t\t\t<\/div>\n\t\t\t\t\t<\/div>\n\t\t<\/div>\n\t\t\t\t\t<\/div>\n\t\t<\/section>\n\t\t\t\t<\/div>\n\t\t","protected":false},"excerpt":{"rendered":"<p>Schulf\u00e4higkeit hei\u00dft nicht nur die Kinder auf Stillsitzen, Lesen, Schreiben und Rechnen lernen vorzubereiten, auch soziale, geistige, emotionale und motorische F\u00e4higkeiten spielen eine gro\u00dfe Rolle.&nbsp; Im letzten Jahr vor der Einschulung legen wir unser Augenmerk nochmal verst\u00e4rkt auf die F\u00e4higkeiten der Kinder. Dabei sind unsere Ziele f\u00fcr die Schulf\u00e4higkeit: Von den Eltern getrennt sein Neue [&hellip;]<\/p>\n","protected":false},"author":1,"featured_media":0,"parent":0,"menu_order":0,"comment_status":"closed","ping_status":"closed","template":"","meta":{"ocean_post_layout":"","ocean_both_sidebars_style":"","ocean_both_sidebars_content_width":0,"ocean_both_sidebars_sidebars_width":0,"ocean_sidebar":"0","ocean_second_sidebar":"0","ocean_disable_margins":"enable","ocean_add_body_class":"","ocean_shortcode_before_top_bar":"","ocean_shortcode_after_top_bar":"","ocean_shortcode_before_header":"","ocean_shortcode_after_header":"","ocean_has_shortcode":"","ocean_shortcode_after_title":"","ocean_shortcode_before_footer_widgets":"","ocean_shortcode_after_footer_widgets":"","ocean_shortcode_before_footer_bottom":"","ocean_shortcode_after_footer_bottom":"","ocean_display_top_bar":"default","ocean_display_header":"default","ocean_header_style":"","ocean_center_header_left_menu":"0","ocean_custom_header_template":"0","ocean_custom_logo":0,"ocean_custom_retina_logo":0,"ocean_custom_logo_max_width":0,"ocean_custom_logo_tablet_max_width":0,"ocean_custom_logo_mobile_max_width":0,"ocean_custom_logo_max_height":0,"ocean_custom_logo_tablet_max_height":0,"ocean_custom_logo_mobile_max_height":0,"ocean_header_custom_menu":"0","ocean_menu_typo_font_family":"0","ocean_menu_typo_font_subset":"","ocean_menu_typo_font_size":0,"ocean_menu_typo_font_size_tablet":0,"ocean_menu_typo_font_size_mobile":0,"ocean_menu_typo_font_size_unit":"px","ocean_menu_typo_font_weight":"","ocean_menu_typo_font_weight_tablet":"","ocean_menu_typo_font_weight_mobile":"","ocean_menu_typo_transform":"","ocean_menu_typo_transform_tablet":"","ocean_menu_typo_transform_mobile":"","ocean_menu_typo_line_height":0,"ocean_menu_typo_line_height_tablet":0,"ocean_menu_typo_line_height_mobile":0,"ocean_menu_typo_line_height_unit":"","ocean_menu_typo_spacing":0,"ocean_menu_typo_spacing_tablet":0,"ocean_menu_typo_spacing_mobile":0,"ocean_menu_typo_spacing_unit":"","ocean_menu_link_color":"","ocean_menu_link_color_hover":"","ocean_menu_link_color_active":"","ocean_menu_link_background":"","ocean_menu_link_hover_background":"","ocean_menu_link_active_background":"","ocean_menu_social_links_bg":"","ocean_menu_social_hover_links_bg":"","ocean_menu_social_links_color":"","ocean_menu_social_hover_links_color":"","ocean_disable_title":"default","ocean_disable_heading":"default","ocean_post_title":"","ocean_post_subheading":"","ocean_post_title_style":"","ocean_post_title_background_color":"","ocean_post_title_background":0,"ocean_post_title_bg_image_position":"","ocean_post_title_bg_image_attachment":"","ocean_post_title_bg_image_repeat":"","ocean_post_title_bg_image_size":"","ocean_post_title_height":0,"ocean_post_title_bg_overlay":0.5,"ocean_post_title_bg_overlay_color":"","ocean_disable_breadcrumbs":"default","ocean_breadcrumbs_color":"","ocean_breadcrumbs_separator_color":"","ocean_breadcrumbs_links_color":"","ocean_breadcrumbs_links_hover_color":"","ocean_display_footer_widgets":"default","ocean_display_footer_bottom":"default","ocean_custom_footer_template":"0","omw_enable_modal_window":"enable","footnotes":""},"class_list":["post-808","page","type-page","status-publish","hentry","entry"],"_links":{"self":[{"href":"https:\/\/zwergenvilla-nuthetal.de\/index.php?rest_route=\/wp\/v2\/pages\/808","targetHints":{"allow":["GET"]}}],"collection":[{"href":"https:\/\/zwergenvilla-nuthetal.de\/index.php?rest_route=\/wp\/v2\/pages"}],"about":[{"href":"https:\/\/zwergenvilla-nuthetal.de\/index.php?rest_route=\/wp\/v2\/types\/page"}],"author":[{"embeddable":true,"href":"https:\/\/zwergenvilla-nuthetal.de\/index.php?rest_route=\/wp\/v2\/users\/1"}],"replies":[{"embeddable":true,"href":"https:\/\/zwergenvilla-nuthetal.de\/index.php?rest_route=%2Fwp%2Fv2%2Fcomments&post=808"}],"version-history":[{"count":8,"href":"https:\/\/zwergenvilla-nuthetal.de\/index.php?rest_route=\/wp\/v2\/pages\/808\/revisions"}],"predecessor-version":[{"id":1694,"href":"https:\/\/zwergenvilla-nuthetal.de\/index.php?rest_route=\/wp\/v2\/pages\/808\/revisions\/1694"}],"wp:attachment":[{"href":"https:\/\/zwergenvilla-nuthetal.de\/index.php?rest_route=%2Fwp%2Fv2%2Fmedia&parent=808"}],"curies":[{"name":"wp","href":"https:\/\/api.w.org\/{rel}","templated":true}]}}