{"id":791,"date":"2020-06-07T10:02:33","date_gmt":"2020-06-07T09:02:33","guid":{"rendered":"http:\/\/zwergenvilla-nuthetal.de\/?page_id=791"},"modified":"2020-07-06T17:15:29","modified_gmt":"2020-07-06T16:15:29","slug":"tagesablauf","status":"publish","type":"page","link":"https:\/\/zwergenvilla-nuthetal.de\/?page_id=791","title":{"rendered":"Tagesablauf"},"content":{"rendered":"\t\t<div data-elementor-type=\"wp-page\" data-elementor-id=\"791\" class=\"elementor elementor-791\" data-elementor-post-type=\"page\">\n\t\t\t\t\t\t<section class=\"elementor-section elementor-top-section elementor-element elementor-element-ad59ad1 elementor-section-boxed elementor-section-height-default elementor-section-height-default\" data-id=\"ad59ad1\" data-element_type=\"section\" data-e-type=\"section\">\n\t\t\t\t\t\t<div class=\"elementor-container elementor-column-gap-default\">\n\t\t\t\t\t<div class=\"elementor-column elementor-col-33 elementor-top-column elementor-element elementor-element-acae909\" data-id=\"acae909\" data-element_type=\"column\" data-e-type=\"column\">\n\t\t\t<div class=\"elementor-widget-wrap elementor-element-populated\">\n\t\t\t\t\t\t<div class=\"elementor-element elementor-element-af1ce0d elementor-widget elementor-widget-heading\" data-id=\"af1ce0d\" data-element_type=\"widget\" data-e-type=\"widget\" data-widget_type=\"heading.default\">\n\t\t\t\t<div class=\"elementor-widget-container\">\n\t\t\t\t\t<h2 class=\"elementor-heading-title elementor-size-default\">7.00 - 8.00 Uhr<\/h2>\t\t\t\t<\/div>\n\t\t\t\t<\/div>\n\t\t\t\t\t<\/div>\n\t\t<\/div>\n\t\t\t\t<div class=\"elementor-column elementor-col-66 elementor-top-column elementor-element elementor-element-8b22b78\" data-id=\"8b22b78\" data-element_type=\"column\" data-e-type=\"column\">\n\t\t\t<div class=\"elementor-widget-wrap elementor-element-populated\">\n\t\t\t\t\t\t<div class=\"elementor-element elementor-element-8d678f6 elementor-widget elementor-widget-text-editor\" data-id=\"8d678f6\" data-element_type=\"widget\" data-e-type=\"widget\" data-widget_type=\"text-editor.default\">\n\t\t\t\t<div class=\"elementor-widget-container\">\n\t\t\t\t\t\t\t\t\t<p>Begr\u00fc\u00dfung der Kinder im Fr\u00fchdienst und gemeinsames Spielen im Raum der Zwergm\u00e4use.<\/p>\t\t\t\t\t\t\t\t<\/div>\n\t\t\t\t<\/div>\n\t\t\t\t\t<\/div>\n\t\t<\/div>\n\t\t\t\t\t<\/div>\n\t\t<\/section>\n\t\t\t\t<section class=\"elementor-section elementor-top-section elementor-element elementor-element-1d21eec elementor-section-boxed elementor-section-height-default elementor-section-height-default\" data-id=\"1d21eec\" data-element_type=\"section\" data-e-type=\"section\">\n\t\t\t\t\t\t<div class=\"elementor-container elementor-column-gap-default\">\n\t\t\t\t\t<div class=\"elementor-column elementor-col-33 elementor-top-column elementor-element elementor-element-27b9908\" data-id=\"27b9908\" data-element_type=\"column\" data-e-type=\"column\">\n\t\t\t<div class=\"elementor-widget-wrap elementor-element-populated\">\n\t\t\t\t\t\t<div class=\"elementor-element elementor-element-6cd4f34 elementor-widget elementor-widget-heading\" data-id=\"6cd4f34\" data-element_type=\"widget\" data-e-type=\"widget\" data-widget_type=\"heading.default\">\n\t\t\t\t<div class=\"elementor-widget-container\">\n\t\t\t\t\t<h2 class=\"elementor-heading-title elementor-size-default\">8.00 - 8.30 Uhr<\/h2>\t\t\t\t<\/div>\n\t\t\t\t<\/div>\n\t\t\t\t\t<\/div>\n\t\t<\/div>\n\t\t\t\t<div class=\"elementor-column elementor-col-33 elementor-top-column elementor-element elementor-element-0af58b3\" data-id=\"0af58b3\" data-element_type=\"column\" data-e-type=\"column\">\n\t\t\t<div class=\"elementor-widget-wrap elementor-element-populated\">\n\t\t\t\t\t\t<div class=\"elementor-element elementor-element-034ec23 elementor-widget elementor-widget-text-editor\" data-id=\"034ec23\" data-element_type=\"widget\" data-e-type=\"widget\" data-widget_type=\"text-editor.default\">\n\t\t\t\t<div class=\"elementor-widget-container\">\n\t\t\t\t\t\t\t\t\t<p>Gemeinsames Fr\u00fchst\u00fcck, die Krippenkinder essen im Gruppenraum, die Kindergartenkinder essen in der K\u00fcche.<\/p>\t\t\t\t\t\t\t\t<\/div>\n\t\t\t\t<\/div>\n\t\t\t\t\t<\/div>\n\t\t<\/div>\n\t\t\t\t<div class=\"elementor-column elementor-col-33 elementor-top-column elementor-element elementor-element-19dc450\" data-id=\"19dc450\" data-element_type=\"column\" data-e-type=\"column\">\n\t\t\t<div class=\"elementor-widget-wrap elementor-element-populated\">\n\t\t\t\t\t\t<div class=\"elementor-element elementor-element-8d3dcf4 elementor-widget elementor-widget-image\" data-id=\"8d3dcf4\" data-element_type=\"widget\" data-e-type=\"widget\" data-widget_type=\"image.default\">\n\t\t\t\t<div class=\"elementor-widget-container\">\n\t\t\t\t\t\t\t\t\t\t\t\t\t\t\t<img fetchpriority=\"high\" decoding=\"async\" width=\"1024\" height=\"576\" src=\"https:\/\/zwergenvilla-nuthetal.de\/wp-content\/uploads\/2020\/06\/20190724_080352-1024x576.jpg\" class=\"attachment-large size-large wp-image-1156\" alt=\"\" srcset=\"https:\/\/zwergenvilla-nuthetal.de\/wp-content\/uploads\/2020\/06\/20190724_080352-1024x576.jpg 1024w, https:\/\/zwergenvilla-nuthetal.de\/wp-content\/uploads\/2020\/06\/20190724_080352-300x169.jpg 300w, https:\/\/zwergenvilla-nuthetal.de\/wp-content\/uploads\/2020\/06\/20190724_080352-768x432.jpg 768w, https:\/\/zwergenvilla-nuthetal.de\/wp-content\/uploads\/2020\/06\/20190724_080352-1536x864.jpg 1536w, https:\/\/zwergenvilla-nuthetal.de\/wp-content\/uploads\/2020\/06\/20190724_080352-2048x1152.jpg 2048w, https:\/\/zwergenvilla-nuthetal.de\/wp-content\/uploads\/2020\/06\/20190724_080352-24x14.jpg 24w, https:\/\/zwergenvilla-nuthetal.de\/wp-content\/uploads\/2020\/06\/20190724_080352-36x20.jpg 36w, https:\/\/zwergenvilla-nuthetal.de\/wp-content\/uploads\/2020\/06\/20190724_080352-48x27.jpg 48w\" sizes=\"(max-width: 1024px) 100vw, 1024px\" \/>\t\t\t\t\t\t\t\t\t\t\t\t\t\t\t<\/div>\n\t\t\t\t<\/div>\n\t\t\t\t\t<\/div>\n\t\t<\/div>\n\t\t\t\t\t<\/div>\n\t\t<\/section>\n\t\t\t\t<section class=\"elementor-section elementor-top-section elementor-element elementor-element-87b5dd5 elementor-section-boxed elementor-section-height-default elementor-section-height-default\" data-id=\"87b5dd5\" data-element_type=\"section\" data-e-type=\"section\">\n\t\t\t\t\t\t<div class=\"elementor-container elementor-column-gap-default\">\n\t\t\t\t\t<div class=\"elementor-column elementor-col-50 elementor-top-column elementor-element elementor-element-f5f626b\" data-id=\"f5f626b\" data-element_type=\"column\" data-e-type=\"column\">\n\t\t\t<div class=\"elementor-widget-wrap elementor-element-populated\">\n\t\t\t\t\t\t<div class=\"elementor-element elementor-element-b8acb56 elementor-widget elementor-widget-heading\" data-id=\"b8acb56\" data-element_type=\"widget\" data-e-type=\"widget\" data-widget_type=\"heading.default\">\n\t\t\t\t<div class=\"elementor-widget-container\">\n\t\t\t\t\t<h2 class=\"elementor-heading-title elementor-size-default\">8.30 - 11.00 Uhr<\/h2>\t\t\t\t<\/div>\n\t\t\t\t<\/div>\n\t\t\t\t\t<\/div>\n\t\t<\/div>\n\t\t\t\t<div class=\"elementor-column elementor-col-50 elementor-top-column elementor-element elementor-element-621e62e\" data-id=\"621e62e\" data-element_type=\"column\" data-e-type=\"column\">\n\t\t\t<div class=\"elementor-widget-wrap elementor-element-populated\">\n\t\t\t\t\t\t<div class=\"elementor-element elementor-element-2d18e34 elementor-widget elementor-widget-text-editor\" data-id=\"2d18e34\" data-element_type=\"widget\" data-e-type=\"widget\" data-widget_type=\"text-editor.default\">\n\t\t\t\t<div class=\"elementor-widget-container\">\n\t\t\t\t\t\t\t\t\t<p>Spielen, forschen, lernen und entdecken in den Gruppen, sowohl drinnen als auch drau\u00dfen. Der Tag in den Gruppen startet meistens gegen 9.00 Uhr mit einem gemeinsamen Morgenkreis, ehe es dann in die Projektarbeit oder das freie Spiel geht.<\/p>\t\t\t\t\t\t\t\t<\/div>\n\t\t\t\t<\/div>\n\t\t\t\t\t<\/div>\n\t\t<\/div>\n\t\t\t\t\t<\/div>\n\t\t<\/section>\n\t\t\t\t<section class=\"elementor-section elementor-top-section elementor-element elementor-element-ac4f367 elementor-section-boxed elementor-section-height-default elementor-section-height-default\" data-id=\"ac4f367\" data-element_type=\"section\" data-e-type=\"section\">\n\t\t\t\t\t\t<div class=\"elementor-container elementor-column-gap-default\">\n\t\t\t\t\t<div class=\"elementor-column elementor-col-33 elementor-top-column elementor-element elementor-element-a0fc37f\" data-id=\"a0fc37f\" data-element_type=\"column\" data-e-type=\"column\">\n\t\t\t<div class=\"elementor-widget-wrap elementor-element-populated\">\n\t\t\t\t\t\t<div class=\"elementor-element elementor-element-b380787 elementor-widget elementor-widget-heading\" data-id=\"b380787\" data-element_type=\"widget\" data-e-type=\"widget\" data-widget_type=\"heading.default\">\n\t\t\t\t<div class=\"elementor-widget-container\">\n\t\t\t\t\t<h2 class=\"elementor-heading-title elementor-size-default\">11.00 - 12.00 Uhr<\/h2>\t\t\t\t<\/div>\n\t\t\t\t<\/div>\n\t\t\t\t\t<\/div>\n\t\t<\/div>\n\t\t\t\t<div class=\"elementor-column elementor-col-66 elementor-top-column elementor-element elementor-element-144f963\" data-id=\"144f963\" data-element_type=\"column\" data-e-type=\"column\">\n\t\t\t<div class=\"elementor-widget-wrap elementor-element-populated\">\n\t\t\t\t\t\t<div class=\"elementor-element elementor-element-a2947ad elementor-widget elementor-widget-text-editor\" data-id=\"a2947ad\" data-element_type=\"widget\" data-e-type=\"widget\" data-widget_type=\"text-editor.default\">\n\t\t\t\t<div class=\"elementor-widget-container\">\n\t\t\t\t\t\t\t\t\t<p>Mittagessen in den Gruppen, wobei die Kleineren fr\u00fcher essen als die gr\u00f6\u00dferen. Die Krippenkinder essen in ihren Gruppenr\u00e4umen, die Kindergartenkinder in der K\u00fcche.<\/p><p>Danach machen sich alle Schlafkinder bereit zum Mittagsschlaf.<\/p>\t\t\t\t\t\t\t\t<\/div>\n\t\t\t\t<\/div>\n\t\t\t\t\t<\/div>\n\t\t<\/div>\n\t\t\t\t\t<\/div>\n\t\t<\/section>\n\t\t\t\t<section class=\"elementor-section elementor-top-section elementor-element elementor-element-86cbe16 elementor-section-boxed elementor-section-height-default elementor-section-height-default\" data-id=\"86cbe16\" data-element_type=\"section\" data-e-type=\"section\">\n\t\t\t\t\t\t<div class=\"elementor-container elementor-column-gap-default\">\n\t\t\t\t\t<div class=\"elementor-column elementor-col-33 elementor-top-column elementor-element elementor-element-f80c708\" data-id=\"f80c708\" data-element_type=\"column\" data-e-type=\"column\">\n\t\t\t<div class=\"elementor-widget-wrap elementor-element-populated\">\n\t\t\t\t\t\t<div class=\"elementor-element elementor-element-e7081f5 elementor-widget elementor-widget-heading\" data-id=\"e7081f5\" data-element_type=\"widget\" data-e-type=\"widget\" data-widget_type=\"heading.default\">\n\t\t\t\t<div class=\"elementor-widget-container\">\n\t\t\t\t\t<h2 class=\"elementor-heading-title elementor-size-default\">12.00 - 14.00 Uhr<\/h2>\t\t\t\t<\/div>\n\t\t\t\t<\/div>\n\t\t\t\t\t<\/div>\n\t\t<\/div>\n\t\t\t\t<div class=\"elementor-column elementor-col-33 elementor-top-column elementor-element elementor-element-a02c290\" data-id=\"a02c290\" data-element_type=\"column\" data-e-type=\"column\">\n\t\t\t<div class=\"elementor-widget-wrap elementor-element-populated\">\n\t\t\t\t\t\t<div class=\"elementor-element elementor-element-4c8d9c5 elementor-widget elementor-widget-image\" data-id=\"4c8d9c5\" data-element_type=\"widget\" data-e-type=\"widget\" data-widget_type=\"image.default\">\n\t\t\t\t<div class=\"elementor-widget-container\">\n\t\t\t\t\t\t\t\t\t\t\t\t\t\t\t<img decoding=\"async\" width=\"1024\" height=\"682\" src=\"https:\/\/zwergenvilla-nuthetal.de\/wp-content\/uploads\/2020\/06\/IMG_0987-1-1024x682.jpg\" class=\"attachment-large size-large wp-image-1164\" alt=\"\" srcset=\"https:\/\/zwergenvilla-nuthetal.de\/wp-content\/uploads\/2020\/06\/IMG_0987-1-1024x682.jpg 1024w, https:\/\/zwergenvilla-nuthetal.de\/wp-content\/uploads\/2020\/06\/IMG_0987-1-300x200.jpg 300w, https:\/\/zwergenvilla-nuthetal.de\/wp-content\/uploads\/2020\/06\/IMG_0987-1-768x512.jpg 768w, https:\/\/zwergenvilla-nuthetal.de\/wp-content\/uploads\/2020\/06\/IMG_0987-1-1536x1024.jpg 1536w, https:\/\/zwergenvilla-nuthetal.de\/wp-content\/uploads\/2020\/06\/IMG_0987-1-2048x1365.jpg 2048w, https:\/\/zwergenvilla-nuthetal.de\/wp-content\/uploads\/2020\/06\/IMG_0987-1-24x16.jpg 24w, https:\/\/zwergenvilla-nuthetal.de\/wp-content\/uploads\/2020\/06\/IMG_0987-1-36x24.jpg 36w, https:\/\/zwergenvilla-nuthetal.de\/wp-content\/uploads\/2020\/06\/IMG_0987-1-48x32.jpg 48w\" sizes=\"(max-width: 1024px) 100vw, 1024px\" \/>\t\t\t\t\t\t\t\t\t\t\t\t\t\t\t<\/div>\n\t\t\t\t<\/div>\n\t\t\t\t\t<\/div>\n\t\t<\/div>\n\t\t\t\t<div class=\"elementor-column elementor-col-33 elementor-top-column elementor-element elementor-element-b8be4ba\" data-id=\"b8be4ba\" data-element_type=\"column\" data-e-type=\"column\">\n\t\t\t<div class=\"elementor-widget-wrap elementor-element-populated\">\n\t\t\t\t\t\t<div class=\"elementor-element elementor-element-878e626 elementor-widget elementor-widget-text-editor\" data-id=\"878e626\" data-element_type=\"widget\" data-e-type=\"widget\" data-widget_type=\"text-editor.default\">\n\t\t\t\t<div class=\"elementor-widget-container\">\n\t\t\t\t\t\t\t\t\t<p>Mittagschlaf in den beiden Gruppenr\u00e4umen im Erdgeschoss. Kinder von oben, welche noch Mittagsschlaf machen, kommen zum Schlafen ebenfalls runter ins Erdgeschoss. <\/p>\n<p>Alle anderen Kinder ruhen im Obergeschoss und d\u00fcrfen anschlie\u00dfend spielen.<\/p>\t\t\t\t\t\t\t\t<\/div>\n\t\t\t\t<\/div>\n\t\t\t\t\t<\/div>\n\t\t<\/div>\n\t\t\t\t\t<\/div>\n\t\t<\/section>\n\t\t\t\t<section class=\"elementor-section elementor-top-section elementor-element elementor-element-330c162 elementor-section-boxed elementor-section-height-default elementor-section-height-default\" data-id=\"330c162\" data-element_type=\"section\" data-e-type=\"section\">\n\t\t\t\t\t\t<div class=\"elementor-container elementor-column-gap-default\">\n\t\t\t\t\t<div class=\"elementor-column elementor-col-33 elementor-top-column elementor-element elementor-element-26501f0\" data-id=\"26501f0\" data-element_type=\"column\" data-e-type=\"column\">\n\t\t\t<div class=\"elementor-widget-wrap elementor-element-populated\">\n\t\t\t\t\t\t<div class=\"elementor-element elementor-element-e2090f8 elementor-widget elementor-widget-heading\" data-id=\"e2090f8\" data-element_type=\"widget\" data-e-type=\"widget\" data-widget_type=\"heading.default\">\n\t\t\t\t<div class=\"elementor-widget-container\">\n\t\t\t\t\t<h2 class=\"elementor-heading-title elementor-size-default\">14.00 - 15.00 Uhr<\/h2>\t\t\t\t<\/div>\n\t\t\t\t<\/div>\n\t\t\t\t\t<\/div>\n\t\t<\/div>\n\t\t\t\t<div class=\"elementor-column elementor-col-66 elementor-top-column elementor-element elementor-element-3ab8288\" data-id=\"3ab8288\" data-element_type=\"column\" data-e-type=\"column\">\n\t\t\t<div class=\"elementor-widget-wrap elementor-element-populated\">\n\t\t\t\t\t\t<div class=\"elementor-element elementor-element-1dabe22 elementor-widget elementor-widget-text-editor\" data-id=\"1dabe22\" data-element_type=\"widget\" data-e-type=\"widget\" data-widget_type=\"text-editor.default\">\n\t\t\t\t<div class=\"elementor-widget-container\">\n\t\t\t\t\t\t\t\t\t<p>Vesper f\u00fcr die Krippenkinder in den Gruppenr\u00e4umen und f\u00fcr die Kindergartenkinder in der K\u00fcche. <\/p>\t\t\t\t\t\t\t\t<\/div>\n\t\t\t\t<\/div>\n\t\t\t\t\t<\/div>\n\t\t<\/div>\n\t\t\t\t\t<\/div>\n\t\t<\/section>\n\t\t\t\t<section class=\"elementor-section elementor-top-section elementor-element elementor-element-27c8118 elementor-section-boxed elementor-section-height-default elementor-section-height-default\" data-id=\"27c8118\" data-element_type=\"section\" data-e-type=\"section\">\n\t\t\t\t\t\t<div class=\"elementor-container elementor-column-gap-default\">\n\t\t\t\t\t<div class=\"elementor-column elementor-col-33 elementor-top-column elementor-element elementor-element-550bccf\" data-id=\"550bccf\" data-element_type=\"column\" data-e-type=\"column\">\n\t\t\t<div class=\"elementor-widget-wrap elementor-element-populated\">\n\t\t\t\t\t\t<div class=\"elementor-element elementor-element-71cafce elementor-widget elementor-widget-heading\" data-id=\"71cafce\" data-element_type=\"widget\" data-e-type=\"widget\" data-widget_type=\"heading.default\">\n\t\t\t\t<div class=\"elementor-widget-container\">\n\t\t\t\t\t<h2 class=\"elementor-heading-title elementor-size-default\">15.00 -16.30 Uhr<\/h2>\t\t\t\t<\/div>\n\t\t\t\t<\/div>\n\t\t\t\t\t<\/div>\n\t\t<\/div>\n\t\t\t\t<div class=\"elementor-column elementor-col-66 elementor-top-column elementor-element elementor-element-c62bd8e\" data-id=\"c62bd8e\" data-element_type=\"column\" data-e-type=\"column\">\n\t\t\t<div class=\"elementor-widget-wrap elementor-element-populated\">\n\t\t\t\t\t\t<div class=\"elementor-element elementor-element-5ab160b elementor-widget elementor-widget-text-editor\" data-id=\"5ab160b\" data-element_type=\"widget\" data-e-type=\"widget\" data-widget_type=\"text-editor.default\">\n\t\t\t\t<div class=\"elementor-widget-container\">\n\t\t\t\t\t\t\t\t\t<p>Spielen, je nach Wetter, in den Gruppenr\u00e4umen oder auf dem Spielplatz.<\/p>\t\t\t\t\t\t\t\t<\/div>\n\t\t\t\t<\/div>\n\t\t\t\t\t<\/div>\n\t\t<\/div>\n\t\t\t\t\t<\/div>\n\t\t<\/section>\n\t\t\t\t<section class=\"elementor-section elementor-top-section elementor-element elementor-element-baeacfb elementor-section-boxed elementor-section-height-default elementor-section-height-default\" data-id=\"baeacfb\" data-element_type=\"section\" data-e-type=\"section\">\n\t\t\t\t\t\t<div class=\"elementor-container elementor-column-gap-default\">\n\t\t\t\t\t<div class=\"elementor-column elementor-col-33 elementor-top-column elementor-element elementor-element-728daca\" data-id=\"728daca\" data-element_type=\"column\" data-e-type=\"column\">\n\t\t\t<div class=\"elementor-widget-wrap elementor-element-populated\">\n\t\t\t\t\t\t<div class=\"elementor-element elementor-element-df2364a elementor-widget elementor-widget-heading\" data-id=\"df2364a\" data-element_type=\"widget\" data-e-type=\"widget\" data-widget_type=\"heading.default\">\n\t\t\t\t<div class=\"elementor-widget-container\">\n\t\t\t\t\t<h2 class=\"elementor-heading-title elementor-size-default\">ab 16.30 Uhr<\/h2>\t\t\t\t<\/div>\n\t\t\t\t<\/div>\n\t\t\t\t\t<\/div>\n\t\t<\/div>\n\t\t\t\t<div class=\"elementor-column elementor-col-66 elementor-top-column elementor-element elementor-element-9cd07b2\" data-id=\"9cd07b2\" data-element_type=\"column\" data-e-type=\"column\">\n\t\t\t<div class=\"elementor-widget-wrap elementor-element-populated\">\n\t\t\t\t\t\t<div class=\"elementor-element elementor-element-6cf8858 elementor-widget elementor-widget-text-editor\" data-id=\"6cf8858\" data-element_type=\"widget\" data-e-type=\"widget\" data-widget_type=\"text-editor.default\">\n\t\t\t\t<div class=\"elementor-widget-container\">\n\t\t\t\t\t\t\t\t\t<p>Alle Sp\u00e4tdienstkinder spielen entweder gemeinsam im Gruppenraum der Zwergm\u00e4use bzw. der Minis oder auf dem Spielplatz.<\/p>\t\t\t\t\t\t\t\t<\/div>\n\t\t\t\t<\/div>\n\t\t\t\t\t<\/div>\n\t\t<\/div>\n\t\t\t\t\t<\/div>\n\t\t<\/section>\n\t\t\t\t<section class=\"elementor-section elementor-top-section elementor-element elementor-element-d27f4dc elementor-section-boxed elementor-section-height-default elementor-section-height-default\" data-id=\"d27f4dc\" data-element_type=\"section\" data-e-type=\"section\">\n\t\t\t\t\t\t<div class=\"elementor-container elementor-column-gap-default\">\n\t\t\t\t\t<div class=\"elementor-column elementor-col-25 elementor-top-column elementor-element elementor-element-c29950c\" data-id=\"c29950c\" data-element_type=\"column\" data-e-type=\"column\">\n\t\t\t<div class=\"elementor-widget-wrap elementor-element-populated\">\n\t\t\t\t\t\t<div class=\"elementor-element elementor-element-1e5063f elementor-widget elementor-widget-image\" data-id=\"1e5063f\" data-element_type=\"widget\" data-e-type=\"widget\" data-widget_type=\"image.default\">\n\t\t\t\t<div class=\"elementor-widget-container\">\n\t\t\t\t\t\t\t\t\t\t\t\t\t\t\t<img decoding=\"async\" width=\"1024\" height=\"683\" src=\"https:\/\/zwergenvilla-nuthetal.de\/wp-content\/uploads\/2020\/07\/IMG_2008-1024x683.jpg\" class=\"attachment-large size-large wp-image-1179\" alt=\"\" srcset=\"https:\/\/zwergenvilla-nuthetal.de\/wp-content\/uploads\/2020\/07\/IMG_2008-1024x683.jpg 1024w, https:\/\/zwergenvilla-nuthetal.de\/wp-content\/uploads\/2020\/07\/IMG_2008-300x200.jpg 300w, https:\/\/zwergenvilla-nuthetal.de\/wp-content\/uploads\/2020\/07\/IMG_2008-768x512.jpg 768w, https:\/\/zwergenvilla-nuthetal.de\/wp-content\/uploads\/2020\/07\/IMG_2008-1536x1024.jpg 1536w, https:\/\/zwergenvilla-nuthetal.de\/wp-content\/uploads\/2020\/07\/IMG_2008-2048x1365.jpg 2048w, https:\/\/zwergenvilla-nuthetal.de\/wp-content\/uploads\/2020\/07\/IMG_2008-24x16.jpg 24w, https:\/\/zwergenvilla-nuthetal.de\/wp-content\/uploads\/2020\/07\/IMG_2008-36x24.jpg 36w, https:\/\/zwergenvilla-nuthetal.de\/wp-content\/uploads\/2020\/07\/IMG_2008-48x32.jpg 48w\" sizes=\"(max-width: 1024px) 100vw, 1024px\" \/>\t\t\t\t\t\t\t\t\t\t\t\t\t\t\t<\/div>\n\t\t\t\t<\/div>\n\t\t\t\t\t<\/div>\n\t\t<\/div>\n\t\t\t\t<div class=\"elementor-column elementor-col-25 elementor-top-column elementor-element elementor-element-0ea41d2\" data-id=\"0ea41d2\" data-element_type=\"column\" data-e-type=\"column\">\n\t\t\t<div class=\"elementor-widget-wrap elementor-element-populated\">\n\t\t\t\t\t\t<div class=\"elementor-element elementor-element-a8558d5 elementor-widget elementor-widget-image\" data-id=\"a8558d5\" data-element_type=\"widget\" data-e-type=\"widget\" data-widget_type=\"image.default\">\n\t\t\t\t<div class=\"elementor-widget-container\">\n\t\t\t\t\t\t\t\t\t\t\t\t\t\t\t<img loading=\"lazy\" decoding=\"async\" width=\"1024\" height=\"683\" src=\"https:\/\/zwergenvilla-nuthetal.de\/wp-content\/uploads\/2020\/07\/DSC01421-1024x683.jpg?v=1593590890\" class=\"attachment-large size-large wp-image-1177\" alt=\"\" srcset=\"https:\/\/zwergenvilla-nuthetal.de\/wp-content\/uploads\/2020\/07\/DSC01421-1024x683.jpg?v=1593590890 1024w, https:\/\/zwergenvilla-nuthetal.de\/wp-content\/uploads\/2020\/07\/DSC01421-300x200.jpg?v=1593590890 300w, https:\/\/zwergenvilla-nuthetal.de\/wp-content\/uploads\/2020\/07\/DSC01421-768x512.jpg?v=1593590890 768w, https:\/\/zwergenvilla-nuthetal.de\/wp-content\/uploads\/2020\/07\/DSC01421-2048x1365.jpg?v=1593590890 2048w, https:\/\/zwergenvilla-nuthetal.de\/wp-content\/uploads\/2020\/07\/DSC01421-24x16.jpg?v=1593590890 24w, https:\/\/zwergenvilla-nuthetal.de\/wp-content\/uploads\/2020\/07\/DSC01421-36x24.jpg?v=1593590890 36w, https:\/\/zwergenvilla-nuthetal.de\/wp-content\/uploads\/2020\/07\/DSC01421-48x32.jpg?v=1593590890 48w\" sizes=\"(max-width: 1024px) 100vw, 1024px\" \/>\t\t\t\t\t\t\t\t\t\t\t\t\t\t\t<\/div>\n\t\t\t\t<\/div>\n\t\t\t\t\t<\/div>\n\t\t<\/div>\n\t\t\t\t<div class=\"elementor-column elementor-col-25 elementor-top-column elementor-element elementor-element-ef05e74\" data-id=\"ef05e74\" data-element_type=\"column\" data-e-type=\"column\">\n\t\t\t<div class=\"elementor-widget-wrap elementor-element-populated\">\n\t\t\t\t\t\t<div class=\"elementor-element elementor-element-fd3c67a elementor-widget elementor-widget-image\" data-id=\"fd3c67a\" data-element_type=\"widget\" data-e-type=\"widget\" data-widget_type=\"image.default\">\n\t\t\t\t<div class=\"elementor-widget-container\">\n\t\t\t\t\t\t\t\t\t\t\t\t\t\t\t<img loading=\"lazy\" decoding=\"async\" width=\"1024\" height=\"682\" src=\"https:\/\/zwergenvilla-nuthetal.de\/wp-content\/uploads\/2020\/07\/IMG_0302-1024x682.jpg\" class=\"attachment-large size-large wp-image-1178\" alt=\"\" srcset=\"https:\/\/zwergenvilla-nuthetal.de\/wp-content\/uploads\/2020\/07\/IMG_0302-1024x682.jpg 1024w, https:\/\/zwergenvilla-nuthetal.de\/wp-content\/uploads\/2020\/07\/IMG_0302-300x200.jpg 300w, https:\/\/zwergenvilla-nuthetal.de\/wp-content\/uploads\/2020\/07\/IMG_0302-768x512.jpg 768w, https:\/\/zwergenvilla-nuthetal.de\/wp-content\/uploads\/2020\/07\/IMG_0302-1536x1024.jpg 1536w, https:\/\/zwergenvilla-nuthetal.de\/wp-content\/uploads\/2020\/07\/IMG_0302-2048x1365.jpg 2048w, https:\/\/zwergenvilla-nuthetal.de\/wp-content\/uploads\/2020\/07\/IMG_0302-24x16.jpg 24w, https:\/\/zwergenvilla-nuthetal.de\/wp-content\/uploads\/2020\/07\/IMG_0302-36x24.jpg 36w, https:\/\/zwergenvilla-nuthetal.de\/wp-content\/uploads\/2020\/07\/IMG_0302-48x32.jpg 48w\" sizes=\"(max-width: 1024px) 100vw, 1024px\" \/>\t\t\t\t\t\t\t\t\t\t\t\t\t\t\t<\/div>\n\t\t\t\t<\/div>\n\t\t\t\t\t<\/div>\n\t\t<\/div>\n\t\t\t\t<div class=\"elementor-column elementor-col-25 elementor-top-column elementor-element elementor-element-6c70aa8\" data-id=\"6c70aa8\" data-element_type=\"column\" data-e-type=\"column\">\n\t\t\t<div class=\"elementor-widget-wrap elementor-element-populated\">\n\t\t\t\t\t\t<div class=\"elementor-element elementor-element-a5abe0e elementor-widget elementor-widget-image\" data-id=\"a5abe0e\" data-element_type=\"widget\" data-e-type=\"widget\" data-widget_type=\"image.default\">\n\t\t\t\t<div class=\"elementor-widget-container\">\n\t\t\t\t\t\t\t\t\t\t\t\t\t\t\t<img loading=\"lazy\" decoding=\"async\" width=\"1024\" height=\"683\" src=\"https:\/\/zwergenvilla-nuthetal.de\/wp-content\/uploads\/2020\/07\/DSC01401-1-1024x683.jpg?v=1593590768\" class=\"attachment-large size-large wp-image-1176\" alt=\"\" srcset=\"https:\/\/zwergenvilla-nuthetal.de\/wp-content\/uploads\/2020\/07\/DSC01401-1-1024x683.jpg?v=1593590768 1024w, https:\/\/zwergenvilla-nuthetal.de\/wp-content\/uploads\/2020\/07\/DSC01401-1-300x200.jpg?v=1593590768 300w, https:\/\/zwergenvilla-nuthetal.de\/wp-content\/uploads\/2020\/07\/DSC01401-1-768x512.jpg?v=1593590768 768w, https:\/\/zwergenvilla-nuthetal.de\/wp-content\/uploads\/2020\/07\/DSC01401-1-2048x1365.jpg?v=1593590768 2048w, https:\/\/zwergenvilla-nuthetal.de\/wp-content\/uploads\/2020\/07\/DSC01401-1-24x16.jpg?v=1593590768 24w, https:\/\/zwergenvilla-nuthetal.de\/wp-content\/uploads\/2020\/07\/DSC01401-1-36x24.jpg?v=1593590768 36w, https:\/\/zwergenvilla-nuthetal.de\/wp-content\/uploads\/2020\/07\/DSC01401-1-48x32.jpg?v=1593590768 48w\" sizes=\"(max-width: 1024px) 100vw, 1024px\" \/>\t\t\t\t\t\t\t\t\t\t\t\t\t\t\t<\/div>\n\t\t\t\t<\/div>\n\t\t\t\t\t<\/div>\n\t\t<\/div>\n\t\t\t\t\t<\/div>\n\t\t<\/section>\n\t\t\t\t<\/div>\n\t\t","protected":false},"excerpt":{"rendered":"<p>7.00 &#8211; 8.00 Uhr Begr\u00fc\u00dfung der Kinder im Fr\u00fchdienst und gemeinsames Spielen im Raum der Zwergm\u00e4use. 8.00 &#8211; 8.30 Uhr Gemeinsames Fr\u00fchst\u00fcck, die Krippenkinder essen im Gruppenraum, die Kindergartenkinder essen in der K\u00fcche. 8.30 &#8211; 11.00 Uhr Spielen, forschen, lernen und entdecken in den Gruppen, sowohl drinnen als auch drau\u00dfen. Der Tag in den Gruppen [&hellip;]<\/p>\n","protected":false},"author":1,"featured_media":0,"parent":0,"menu_order":0,"comment_status":"closed","ping_status":"closed","template":"","meta":{"ocean_post_layout":"","ocean_both_sidebars_style":"","ocean_both_sidebars_content_width":0,"ocean_both_sidebars_sidebars_width":0,"ocean_sidebar":"0","ocean_second_sidebar":"0","ocean_disable_margins":"enable","ocean_add_body_class":"","ocean_shortcode_before_top_bar":"","ocean_shortcode_after_top_bar":"","ocean_shortcode_before_header":"","ocean_shortcode_after_header":"","ocean_has_shortcode":"","ocean_shortcode_after_title":"","ocean_shortcode_before_footer_widgets":"","ocean_shortcode_after_footer_widgets":"","ocean_shortcode_before_footer_bottom":"","ocean_shortcode_after_footer_bottom":"","ocean_display_top_bar":"default","ocean_display_header":"default","ocean_header_style":"","ocean_center_header_left_menu":"0","ocean_custom_header_template":"0","ocean_custom_logo":0,"ocean_custom_retina_logo":0,"ocean_custom_logo_max_width":0,"ocean_custom_logo_tablet_max_width":0,"ocean_custom_logo_mobile_max_width":0,"ocean_custom_logo_max_height":0,"ocean_custom_logo_tablet_max_height":0,"ocean_custom_logo_mobile_max_height":0,"ocean_header_custom_menu":"0","ocean_menu_typo_font_family":"0","ocean_menu_typo_font_subset":"","ocean_menu_typo_font_size":0,"ocean_menu_typo_font_size_tablet":0,"ocean_menu_typo_font_size_mobile":0,"ocean_menu_typo_font_size_unit":"px","ocean_menu_typo_font_weight":"","ocean_menu_typo_font_weight_tablet":"","ocean_menu_typo_font_weight_mobile":"","ocean_menu_typo_transform":"","ocean_menu_typo_transform_tablet":"","ocean_menu_typo_transform_mobile":"","ocean_menu_typo_line_height":0,"ocean_menu_typo_line_height_tablet":0,"ocean_menu_typo_line_height_mobile":0,"ocean_menu_typo_line_height_unit":"","ocean_menu_typo_spacing":0,"ocean_menu_typo_spacing_tablet":0,"ocean_menu_typo_spacing_mobile":0,"ocean_menu_typo_spacing_unit":"","ocean_menu_link_color":"","ocean_menu_link_color_hover":"","ocean_menu_link_color_active":"","ocean_menu_link_background":"","ocean_menu_link_hover_background":"","ocean_menu_link_active_background":"","ocean_menu_social_links_bg":"","ocean_menu_social_hover_links_bg":"","ocean_menu_social_links_color":"","ocean_menu_social_hover_links_color":"","ocean_disable_title":"default","ocean_disable_heading":"default","ocean_post_title":"","ocean_post_subheading":"","ocean_post_title_style":"","ocean_post_title_background_color":"","ocean_post_title_background":0,"ocean_post_title_bg_image_position":"","ocean_post_title_bg_image_attachment":"","ocean_post_title_bg_image_repeat":"","ocean_post_title_bg_image_size":"","ocean_post_title_height":0,"ocean_post_title_bg_overlay":0.5,"ocean_post_title_bg_overlay_color":"","ocean_disable_breadcrumbs":"default","ocean_breadcrumbs_color":"","ocean_breadcrumbs_separator_color":"","ocean_breadcrumbs_links_color":"","ocean_breadcrumbs_links_hover_color":"","ocean_display_footer_widgets":"default","ocean_display_footer_bottom":"default","ocean_custom_footer_template":"0","omw_enable_modal_window":"enable","footnotes":""},"class_list":["post-791","page","type-page","status-publish","hentry","entry"],"_links":{"self":[{"href":"https:\/\/zwergenvilla-nuthetal.de\/index.php?rest_route=\/wp\/v2\/pages\/791","targetHints":{"allow":["GET"]}}],"collection":[{"href":"https:\/\/zwergenvilla-nuthetal.de\/index.php?rest_route=\/wp\/v2\/pages"}],"about":[{"href":"https:\/\/zwergenvilla-nuthetal.de\/index.php?rest_route=\/wp\/v2\/types\/page"}],"author":[{"embeddable":true,"href":"https:\/\/zwergenvilla-nuthetal.de\/index.php?rest_route=\/wp\/v2\/users\/1"}],"replies":[{"embeddable":true,"href":"https:\/\/zwergenvilla-nuthetal.de\/index.php?rest_route=%2Fwp%2Fv2%2Fcomments&post=791"}],"version-history":[{"count":11,"href":"https:\/\/zwergenvilla-nuthetal.de\/index.php?rest_route=\/wp\/v2\/pages\/791\/revisions"}],"predecessor-version":[{"id":1657,"href":"https:\/\/zwergenvilla-nuthetal.de\/index.php?rest_route=\/wp\/v2\/pages\/791\/revisions\/1657"}],"wp:attachment":[{"href":"https:\/\/zwergenvilla-nuthetal.de\/index.php?rest_route=%2Fwp%2Fv2%2Fmedia&parent=791"}],"curies":[{"name":"wp","href":"https:\/\/api.w.org\/{rel}","templated":true}]}}