{"id":778,"date":"2020-06-07T09:30:57","date_gmt":"2020-06-07T08:30:57","guid":{"rendered":"http:\/\/zwergenvilla-nuthetal.de\/?page_id=778"},"modified":"2020-07-06T17:18:28","modified_gmt":"2020-07-06T16:18:28","slug":"eingewoehnung","status":"publish","type":"page","link":"https:\/\/zwergenvilla-nuthetal.de\/?page_id=778","title":{"rendered":"Eingew\u00f6hnung"},"content":{"rendered":"\t\t<div data-elementor-type=\"wp-page\" data-elementor-id=\"778\" class=\"elementor elementor-778\" data-elementor-post-type=\"page\">\n\t\t\t\t\t\t<section class=\"elementor-section elementor-top-section elementor-element elementor-element-75b5a39 elementor-section-boxed elementor-section-height-default elementor-section-height-default\" data-id=\"75b5a39\" data-element_type=\"section\" data-e-type=\"section\">\n\t\t\t\t\t\t<div class=\"elementor-container elementor-column-gap-default\">\n\t\t\t\t\t<div class=\"elementor-column elementor-col-100 elementor-top-column elementor-element elementor-element-584281e\" data-id=\"584281e\" data-element_type=\"column\" data-e-type=\"column\">\n\t\t\t<div class=\"elementor-widget-wrap elementor-element-populated\">\n\t\t\t\t\t\t<div class=\"elementor-element elementor-element-47e323c elementor-widget elementor-widget-text-editor\" data-id=\"47e323c\" data-element_type=\"widget\" data-e-type=\"widget\" data-widget_type=\"text-editor.default\">\n\t\t\t\t<div class=\"elementor-widget-container\">\n\t\t\t\t\t\t\t\t\t<p>W\u00e4hrend der Eingew\u00f6hnung durchlaufen alle Kinder und Eltern die wichtigsten Phasen, die in der L\u00e4nge aber variieren k\u00f6nnen. Da jedes Kind individuell ist, wird auch die Eingew\u00f6hnung indiviuell auf die jeweiligen Bed\u00fcrfnisse abgestimmt.<\/p><p>Wir holen das Kind da ab, wo es in seiner Entwicklung gerade steht und das Kind wird sanft an den neuen Tagesablauf gew\u00f6hnt.<\/p>\t\t\t\t\t\t\t\t<\/div>\n\t\t\t\t<\/div>\n\t\t\t\t\t<\/div>\n\t\t<\/div>\n\t\t\t\t\t<\/div>\n\t\t<\/section>\n\t\t\t\t<section class=\"elementor-section elementor-top-section elementor-element elementor-element-9720b40 elementor-section-boxed elementor-section-height-default elementor-section-height-default\" data-id=\"9720b40\" data-element_type=\"section\" data-e-type=\"section\">\n\t\t\t\t\t\t<div class=\"elementor-container elementor-column-gap-default\">\n\t\t\t\t\t<div class=\"elementor-column elementor-col-100 elementor-top-column elementor-element elementor-element-07eb3f1\" data-id=\"07eb3f1\" data-element_type=\"column\" data-e-type=\"column\">\n\t\t\t<div class=\"elementor-widget-wrap elementor-element-populated\">\n\t\t\t\t\t\t<div class=\"elementor-element elementor-element-720a4d8 elementor-widget elementor-widget-spacer\" data-id=\"720a4d8\" data-element_type=\"widget\" data-e-type=\"widget\" data-widget_type=\"spacer.default\">\n\t\t\t\t<div class=\"elementor-widget-container\">\n\t\t\t\t\t\t\t<div class=\"elementor-spacer\">\n\t\t\t<div class=\"elementor-spacer-inner\"><\/div>\n\t\t<\/div>\n\t\t\t\t\t\t<\/div>\n\t\t\t\t<\/div>\n\t\t\t\t\t<\/div>\n\t\t<\/div>\n\t\t\t\t\t<\/div>\n\t\t<\/section>\n\t\t\t\t<section class=\"elementor-section elementor-top-section elementor-element elementor-element-dc3f98d elementor-section-boxed elementor-section-height-default elementor-section-height-default\" data-id=\"dc3f98d\" data-element_type=\"section\" data-e-type=\"section\">\n\t\t\t\t\t\t<div class=\"elementor-container elementor-column-gap-default\">\n\t\t\t\t\t<div class=\"elementor-column elementor-col-33 elementor-top-column elementor-element elementor-element-eb09606\" data-id=\"eb09606\" data-element_type=\"column\" data-e-type=\"column\">\n\t\t\t<div class=\"elementor-widget-wrap elementor-element-populated\">\n\t\t\t\t\t\t<div class=\"elementor-element elementor-element-46c0207 elementor-widget elementor-widget-image\" data-id=\"46c0207\" data-element_type=\"widget\" data-e-type=\"widget\" data-widget_type=\"image.default\">\n\t\t\t\t<div class=\"elementor-widget-container\">\n\t\t\t\t\t\t\t\t\t\t\t\t\t\t\t<img fetchpriority=\"high\" decoding=\"async\" width=\"1024\" height=\"683\" src=\"https:\/\/zwergenvilla-nuthetal.de\/wp-content\/uploads\/2020\/06\/DSCF02261-1024x683.jpg?v=1593516125\" class=\"attachment-large size-large wp-image-1140\" alt=\"\" srcset=\"https:\/\/zwergenvilla-nuthetal.de\/wp-content\/uploads\/2020\/06\/DSCF02261-1024x683.jpg?v=1593516125 1024w, https:\/\/zwergenvilla-nuthetal.de\/wp-content\/uploads\/2020\/06\/DSCF02261-300x200.jpg?v=1593516125 300w, https:\/\/zwergenvilla-nuthetal.de\/wp-content\/uploads\/2020\/06\/DSCF02261-768x512.jpg?v=1593516125 768w, https:\/\/zwergenvilla-nuthetal.de\/wp-content\/uploads\/2020\/06\/DSCF02261-1536x1024.jpg?v=1593516125 1536w, https:\/\/zwergenvilla-nuthetal.de\/wp-content\/uploads\/2020\/06\/DSCF02261-24x16.jpg?v=1593516125 24w, https:\/\/zwergenvilla-nuthetal.de\/wp-content\/uploads\/2020\/06\/DSCF02261-36x24.jpg?v=1593516125 36w, https:\/\/zwergenvilla-nuthetal.de\/wp-content\/uploads\/2020\/06\/DSCF02261-48x32.jpg?v=1593516125 48w, https:\/\/zwergenvilla-nuthetal.de\/wp-content\/uploads\/2020\/06\/DSCF02261.jpg?v=1593516125 1695w\" sizes=\"(max-width: 1024px) 100vw, 1024px\" \/>\t\t\t\t\t\t\t\t\t\t\t\t\t\t\t<\/div>\n\t\t\t\t<\/div>\n\t\t\t\t\t<\/div>\n\t\t<\/div>\n\t\t\t\t<div class=\"elementor-column elementor-col-66 elementor-top-column elementor-element elementor-element-7a327ed\" data-id=\"7a327ed\" data-element_type=\"column\" data-e-type=\"column\">\n\t\t\t<div class=\"elementor-widget-wrap elementor-element-populated\">\n\t\t\t\t\t\t<div class=\"elementor-element elementor-element-413cea3 elementor-widget elementor-widget-icon-box\" data-id=\"413cea3\" data-element_type=\"widget\" data-e-type=\"widget\" data-widget_type=\"icon-box.default\">\n\t\t\t\t<div class=\"elementor-widget-container\">\n\t\t\t\t\t\t\t<div class=\"elementor-icon-box-wrapper\">\n\n\t\t\t\n\t\t\t\t\t\t<div class=\"elementor-icon-box-content\">\n\n\t\t\t\t\t\t\t\t\t<h3 class=\"elementor-icon-box-title\">\n\t\t\t\t\t\t<span  >\n\t\t\t\t\t\t\tPhase 1: \u201eBegleitetes Spiel\u201c\t\t\t\t\t\t<\/span>\n\t\t\t\t\t<\/h3>\n\t\t\t\t\n\t\t\t\t\t\t\t\t\t<p class=\"elementor-icon-box-description\">\n\t\t\t\t\t\tDas Kind und die Begleitperson kommen vormittags zum gemeinsamen Spielen in die Gruppe. Hier hat das Kind Gelegenheit, die neue Umgebung zu erkunden und erste Kontakte zu Kindern und Erzieherin aufzunehmen. Die Erzieherin beobachtet das Kind zun\u00e4chst und h\u00e4lt sich im Hintergrund, die erste Kontaktaufnahme sollte vom Kind ausgehen.<br><br>Diese Phase pr\u00e4gt die ersten 1-3 Tage der Eingew\u00f6hnung.\t\t\t\t\t<\/p>\n\t\t\t\t\n\t\t\t<\/div>\n\t\t\t\n\t\t<\/div>\n\t\t\t\t\t\t<\/div>\n\t\t\t\t<\/div>\n\t\t\t\t\t<\/div>\n\t\t<\/div>\n\t\t\t\t\t<\/div>\n\t\t<\/section>\n\t\t\t\t<section class=\"elementor-section elementor-top-section elementor-element elementor-element-0066e0e elementor-section-boxed elementor-section-height-default elementor-section-height-default\" data-id=\"0066e0e\" data-element_type=\"section\" data-e-type=\"section\">\n\t\t\t\t\t\t<div class=\"elementor-container elementor-column-gap-default\">\n\t\t\t\t\t<div class=\"elementor-column elementor-col-100 elementor-top-column elementor-element elementor-element-9f6f9ba\" data-id=\"9f6f9ba\" data-element_type=\"column\" data-e-type=\"column\">\n\t\t\t<div class=\"elementor-widget-wrap elementor-element-populated\">\n\t\t\t\t\t\t<div class=\"elementor-element elementor-element-2cd99da elementor-widget elementor-widget-spacer\" data-id=\"2cd99da\" data-element_type=\"widget\" data-e-type=\"widget\" data-widget_type=\"spacer.default\">\n\t\t\t\t<div class=\"elementor-widget-container\">\n\t\t\t\t\t\t\t<div class=\"elementor-spacer\">\n\t\t\t<div class=\"elementor-spacer-inner\"><\/div>\n\t\t<\/div>\n\t\t\t\t\t\t<\/div>\n\t\t\t\t<\/div>\n\t\t\t\t\t<\/div>\n\t\t<\/div>\n\t\t\t\t\t<\/div>\n\t\t<\/section>\n\t\t\t\t<section class=\"elementor-section elementor-top-section elementor-element elementor-element-07abc99 elementor-section-boxed elementor-section-height-default elementor-section-height-default\" data-id=\"07abc99\" data-element_type=\"section\" data-e-type=\"section\">\n\t\t\t\t\t\t<div class=\"elementor-container elementor-column-gap-default\">\n\t\t\t\t\t<div class=\"elementor-column elementor-col-33 elementor-top-column elementor-element elementor-element-f9ae0dc\" data-id=\"f9ae0dc\" data-element_type=\"column\" data-e-type=\"column\">\n\t\t\t<div class=\"elementor-widget-wrap elementor-element-populated\">\n\t\t\t\t\t\t<div class=\"elementor-element elementor-element-2a4e9a6 elementor-widget elementor-widget-image\" data-id=\"2a4e9a6\" data-element_type=\"widget\" data-e-type=\"widget\" data-widget_type=\"image.default\">\n\t\t\t\t<div class=\"elementor-widget-container\">\n\t\t\t\t\t\t\t\t\t\t\t\t\t\t\t<img decoding=\"async\" width=\"1024\" height=\"768\" src=\"https:\/\/zwergenvilla-nuthetal.de\/wp-content\/uploads\/2020\/06\/IMG_6850-1024x768.jpg\" class=\"attachment-large size-large wp-image-1144\" alt=\"\" srcset=\"https:\/\/zwergenvilla-nuthetal.de\/wp-content\/uploads\/2020\/06\/IMG_6850-1024x768.jpg 1024w, https:\/\/zwergenvilla-nuthetal.de\/wp-content\/uploads\/2020\/06\/IMG_6850-300x225.jpg 300w, https:\/\/zwergenvilla-nuthetal.de\/wp-content\/uploads\/2020\/06\/IMG_6850-768x576.jpg 768w, https:\/\/zwergenvilla-nuthetal.de\/wp-content\/uploads\/2020\/06\/IMG_6850-1536x1152.jpg 1536w, https:\/\/zwergenvilla-nuthetal.de\/wp-content\/uploads\/2020\/06\/IMG_6850-2048x1536.jpg 2048w, https:\/\/zwergenvilla-nuthetal.de\/wp-content\/uploads\/2020\/06\/IMG_6850-24x18.jpg 24w, https:\/\/zwergenvilla-nuthetal.de\/wp-content\/uploads\/2020\/06\/IMG_6850-36x27.jpg 36w, https:\/\/zwergenvilla-nuthetal.de\/wp-content\/uploads\/2020\/06\/IMG_6850-48x36.jpg 48w\" sizes=\"(max-width: 1024px) 100vw, 1024px\" \/>\t\t\t\t\t\t\t\t\t\t\t\t\t\t\t<\/div>\n\t\t\t\t<\/div>\n\t\t\t\t\t<\/div>\n\t\t<\/div>\n\t\t\t\t<div class=\"elementor-column elementor-col-66 elementor-top-column elementor-element elementor-element-4da8cac\" data-id=\"4da8cac\" data-element_type=\"column\" data-e-type=\"column\">\n\t\t\t<div class=\"elementor-widget-wrap elementor-element-populated\">\n\t\t\t\t\t\t<div class=\"elementor-element elementor-element-4f65ffe elementor-widget elementor-widget-icon-box\" data-id=\"4f65ffe\" data-element_type=\"widget\" data-e-type=\"widget\" data-widget_type=\"icon-box.default\">\n\t\t\t\t<div class=\"elementor-widget-container\">\n\t\t\t\t\t\t\t<div class=\"elementor-icon-box-wrapper\">\n\n\t\t\t\n\t\t\t\t\t\t<div class=\"elementor-icon-box-content\">\n\n\t\t\t\t\t\t\t\t\t<h3 class=\"elementor-icon-box-title\">\n\t\t\t\t\t\t<span  >\n\t\t\t\t\t\t\tPhase 2: \u201eerste Trennung\u201c\t\t\t\t\t\t<\/span>\n\t\t\t\t\t<\/h3>\n\t\t\t\t\n\t\t\t\t\t\t\t\t\t<p class=\"elementor-icon-box-description\">\n\t\t\t\t\t\tNachdem der erste Eindruck verarbeitet wurde, folgen nun erste kurze  Trennungsphasen. Dabei spielen Verabschiedungs- und Begr\u00fc\u00dfungsrituale eine wesentliche Rolle, denn es gibt dem Kind die Sicherheit, dass Mama oder Papa wiederkommen. In dieser Phase soll das Kind lernen, sich kurzzeitig von den Eltern zu trennen und in der Gruppe zu bleiben.<br><br>In dieser Phase steht die Bindung zur Erzieherin ganz oben und daher nehmen wir uns f\u00fcr diese Phase mit 3-5 Tage die meiste Zeit. \t\t\t\t\t<\/p>\n\t\t\t\t\n\t\t\t<\/div>\n\t\t\t\n\t\t<\/div>\n\t\t\t\t\t\t<\/div>\n\t\t\t\t<\/div>\n\t\t\t\t\t<\/div>\n\t\t<\/div>\n\t\t\t\t\t<\/div>\n\t\t<\/section>\n\t\t\t\t<section class=\"elementor-section elementor-top-section elementor-element elementor-element-2407378 elementor-section-boxed elementor-section-height-default elementor-section-height-default\" data-id=\"2407378\" data-element_type=\"section\" data-e-type=\"section\">\n\t\t\t\t\t\t<div class=\"elementor-container elementor-column-gap-default\">\n\t\t\t\t\t<div class=\"elementor-column elementor-col-100 elementor-top-column elementor-element elementor-element-4e5faf4\" data-id=\"4e5faf4\" data-element_type=\"column\" data-e-type=\"column\">\n\t\t\t<div class=\"elementor-widget-wrap elementor-element-populated\">\n\t\t\t\t\t\t<div class=\"elementor-element elementor-element-02885ec elementor-widget elementor-widget-spacer\" data-id=\"02885ec\" data-element_type=\"widget\" data-e-type=\"widget\" data-widget_type=\"spacer.default\">\n\t\t\t\t<div class=\"elementor-widget-container\">\n\t\t\t\t\t\t\t<div class=\"elementor-spacer\">\n\t\t\t<div class=\"elementor-spacer-inner\"><\/div>\n\t\t<\/div>\n\t\t\t\t\t\t<\/div>\n\t\t\t\t<\/div>\n\t\t\t\t\t<\/div>\n\t\t<\/div>\n\t\t\t\t\t<\/div>\n\t\t<\/section>\n\t\t\t\t<section class=\"elementor-section elementor-top-section elementor-element elementor-element-ec74c7d elementor-section-boxed elementor-section-height-default elementor-section-height-default\" data-id=\"ec74c7d\" data-element_type=\"section\" data-e-type=\"section\">\n\t\t\t\t\t\t<div class=\"elementor-container elementor-column-gap-default\">\n\t\t\t\t\t<div class=\"elementor-column elementor-col-33 elementor-top-column elementor-element elementor-element-d489543\" data-id=\"d489543\" data-element_type=\"column\" data-e-type=\"column\">\n\t\t\t<div class=\"elementor-widget-wrap elementor-element-populated\">\n\t\t\t\t\t\t<div class=\"elementor-element elementor-element-d2c0075 elementor-widget elementor-widget-image\" data-id=\"d2c0075\" data-element_type=\"widget\" data-e-type=\"widget\" data-widget_type=\"image.default\">\n\t\t\t\t<div class=\"elementor-widget-container\">\n\t\t\t\t\t\t\t\t\t\t\t\t\t\t\t<img decoding=\"async\" width=\"1024\" height=\"683\" src=\"https:\/\/zwergenvilla-nuthetal.de\/wp-content\/uploads\/2020\/06\/20161103_141120-1024x683.jpg\" class=\"attachment-large size-large wp-image-1143\" alt=\"\" srcset=\"https:\/\/zwergenvilla-nuthetal.de\/wp-content\/uploads\/2020\/06\/20161103_141120-1024x683.jpg 1024w, https:\/\/zwergenvilla-nuthetal.de\/wp-content\/uploads\/2020\/06\/20161103_141120-300x200.jpg 300w, https:\/\/zwergenvilla-nuthetal.de\/wp-content\/uploads\/2020\/06\/20161103_141120-768x512.jpg 768w, https:\/\/zwergenvilla-nuthetal.de\/wp-content\/uploads\/2020\/06\/20161103_141120-1536x1024.jpg 1536w, https:\/\/zwergenvilla-nuthetal.de\/wp-content\/uploads\/2020\/06\/20161103_141120-2048x1365.jpg 2048w, https:\/\/zwergenvilla-nuthetal.de\/wp-content\/uploads\/2020\/06\/20161103_141120-24x16.jpg 24w, https:\/\/zwergenvilla-nuthetal.de\/wp-content\/uploads\/2020\/06\/20161103_141120-36x24.jpg 36w, https:\/\/zwergenvilla-nuthetal.de\/wp-content\/uploads\/2020\/06\/20161103_141120-48x32.jpg 48w\" sizes=\"(max-width: 1024px) 100vw, 1024px\" \/>\t\t\t\t\t\t\t\t\t\t\t\t\t\t\t<\/div>\n\t\t\t\t<\/div>\n\t\t\t\t\t<\/div>\n\t\t<\/div>\n\t\t\t\t<div class=\"elementor-column elementor-col-66 elementor-top-column elementor-element elementor-element-0022e02\" data-id=\"0022e02\" data-element_type=\"column\" data-e-type=\"column\">\n\t\t\t<div class=\"elementor-widget-wrap elementor-element-populated\">\n\t\t\t\t\t\t<div class=\"elementor-element elementor-element-84fb757 elementor-widget elementor-widget-icon-box\" data-id=\"84fb757\" data-element_type=\"widget\" data-e-type=\"widget\" data-widget_type=\"icon-box.default\">\n\t\t\t\t<div class=\"elementor-widget-container\">\n\t\t\t\t\t\t\t<div class=\"elementor-icon-box-wrapper\">\n\n\t\t\t\n\t\t\t\t\t\t<div class=\"elementor-icon-box-content\">\n\n\t\t\t\t\t\t\t\t\t<h3 class=\"elementor-icon-box-title\">\n\t\t\t\t\t\t<span  >\n\t\t\t\t\t\t\tPhase 3: \u201eEingliederung in den Tagesablauf\u201c\t\t\t\t\t\t<\/span>\n\t\t\t\t\t<\/h3>\n\t\t\t\t\n\t\t\t\t\t\t\t\t\t<p class=\"elementor-icon-box-description\">\n\t\t\t\t\t\tDie Trennungsphasen werden nun immer l\u00e4nger, die Verabschiedungszeit immer k\u00fcrzer. Das Kind verbleibt von Tag zu Tag l\u00e4nger ohne Begleitperson in der Kita und erlebt nun aktiv den Tagesablauf mit. Am Ende dieser Phase nimmt es den Mahlzeiten und am Mittagschlaf teil.<br><br>Diese Phase ist ungef\u00e4hr zum Ende der zweiten Woche erreicht. \t\t\t\t\t<\/p>\n\t\t\t\t\n\t\t\t<\/div>\n\t\t\t\n\t\t<\/div>\n\t\t\t\t\t\t<\/div>\n\t\t\t\t<\/div>\n\t\t\t\t\t<\/div>\n\t\t<\/div>\n\t\t\t\t\t<\/div>\n\t\t<\/section>\n\t\t\t\t<section class=\"elementor-section elementor-top-section elementor-element elementor-element-bb0f501 elementor-section-boxed elementor-section-height-default elementor-section-height-default\" data-id=\"bb0f501\" data-element_type=\"section\" data-e-type=\"section\">\n\t\t\t\t\t\t<div class=\"elementor-container elementor-column-gap-default\">\n\t\t\t\t\t<div class=\"elementor-column elementor-col-100 elementor-top-column elementor-element elementor-element-ad0b464\" data-id=\"ad0b464\" data-element_type=\"column\" data-e-type=\"column\">\n\t\t\t<div class=\"elementor-widget-wrap elementor-element-populated\">\n\t\t\t\t\t\t<div class=\"elementor-element elementor-element-f15be6f elementor-widget elementor-widget-spacer\" data-id=\"f15be6f\" data-element_type=\"widget\" data-e-type=\"widget\" data-widget_type=\"spacer.default\">\n\t\t\t\t<div class=\"elementor-widget-container\">\n\t\t\t\t\t\t\t<div class=\"elementor-spacer\">\n\t\t\t<div class=\"elementor-spacer-inner\"><\/div>\n\t\t<\/div>\n\t\t\t\t\t\t<\/div>\n\t\t\t\t<\/div>\n\t\t\t\t\t<\/div>\n\t\t<\/div>\n\t\t\t\t\t<\/div>\n\t\t<\/section>\n\t\t\t\t<section class=\"elementor-section elementor-top-section elementor-element elementor-element-03b69b1 elementor-section-boxed elementor-section-height-default elementor-section-height-default\" data-id=\"03b69b1\" data-element_type=\"section\" data-e-type=\"section\">\n\t\t\t\t\t\t<div class=\"elementor-container elementor-column-gap-default\">\n\t\t\t\t\t<div class=\"elementor-column elementor-col-33 elementor-top-column elementor-element elementor-element-4c83a4c\" data-id=\"4c83a4c\" data-element_type=\"column\" data-e-type=\"column\">\n\t\t\t<div class=\"elementor-widget-wrap elementor-element-populated\">\n\t\t\t\t\t\t<div class=\"elementor-element elementor-element-c2f4bd6 elementor-widget elementor-widget-image\" data-id=\"c2f4bd6\" data-element_type=\"widget\" data-e-type=\"widget\" data-widget_type=\"image.default\">\n\t\t\t\t<div class=\"elementor-widget-container\">\n\t\t\t\t\t\t\t\t\t\t\t\t\t\t\t<img loading=\"lazy\" decoding=\"async\" width=\"1024\" height=\"575\" src=\"https:\/\/zwergenvilla-nuthetal.de\/wp-content\/uploads\/2020\/07\/IMG_2269-1024x575.jpg\" class=\"attachment-large size-large wp-image-1260\" alt=\"\" srcset=\"https:\/\/zwergenvilla-nuthetal.de\/wp-content\/uploads\/2020\/07\/IMG_2269-1024x575.jpg 1024w, https:\/\/zwergenvilla-nuthetal.de\/wp-content\/uploads\/2020\/07\/IMG_2269-300x169.jpg 300w, https:\/\/zwergenvilla-nuthetal.de\/wp-content\/uploads\/2020\/07\/IMG_2269-768x432.jpg 768w, https:\/\/zwergenvilla-nuthetal.de\/wp-content\/uploads\/2020\/07\/IMG_2269-1536x863.jpg 1536w, https:\/\/zwergenvilla-nuthetal.de\/wp-content\/uploads\/2020\/07\/IMG_2269-2048x1151.jpg 2048w, https:\/\/zwergenvilla-nuthetal.de\/wp-content\/uploads\/2020\/07\/IMG_2269-24x13.jpg 24w, https:\/\/zwergenvilla-nuthetal.de\/wp-content\/uploads\/2020\/07\/IMG_2269-36x20.jpg 36w, https:\/\/zwergenvilla-nuthetal.de\/wp-content\/uploads\/2020\/07\/IMG_2269-48x27.jpg 48w\" sizes=\"(max-width: 1024px) 100vw, 1024px\" \/>\t\t\t\t\t\t\t\t\t\t\t\t\t\t\t<\/div>\n\t\t\t\t<\/div>\n\t\t\t\t\t<\/div>\n\t\t<\/div>\n\t\t\t\t<div class=\"elementor-column elementor-col-66 elementor-top-column elementor-element elementor-element-8bd57bd\" data-id=\"8bd57bd\" data-element_type=\"column\" data-e-type=\"column\">\n\t\t\t<div class=\"elementor-widget-wrap elementor-element-populated\">\n\t\t\t\t\t\t<div class=\"elementor-element elementor-element-f9dd41a elementor-widget elementor-widget-icon-box\" data-id=\"f9dd41a\" data-element_type=\"widget\" data-e-type=\"widget\" data-widget_type=\"icon-box.default\">\n\t\t\t\t<div class=\"elementor-widget-container\">\n\t\t\t\t\t\t\t<div class=\"elementor-icon-box-wrapper\">\n\n\t\t\t\n\t\t\t\t\t\t<div class=\"elementor-icon-box-content\">\n\n\t\t\t\t\t\t\t\t\t<h3 class=\"elementor-icon-box-title\">\n\t\t\t\t\t\t<span  >\n\t\t\t\t\t\t\tPhase 4: \u201e\u00dcbergang zum Kita-Alltag\u201c\t\t\t\t\t\t<\/span>\n\t\t\t\t\t<\/h3>\n\t\t\t\t\n\t\t\t\t\t\t\t\t\t<p class=\"elementor-icon-box-description\">\n\t\t\t\t\t\tNachdem das Kind nun den Tagesablauf t\u00e4glich mit erlebt, geht es in der letzten Phase darum, dass sich das Kind daran gew\u00f6hnt, dass es nun regelm\u00e4\u00dfig in die Kita kommt. Gerade in dieser Zeit sollte es die Einrichtung auch regelm\u00e4\u00dfig besuchen, hat das Kind die Kita als t\u00e4glichen Spielort akzeptiert, k\u00f6nnen die Betreuungszeiten auch variabler gestaltet werden.<br><br>Diese Phase kann durchaus zwei bis drei Monate dauern.\t\t\t\t\t<\/p>\n\t\t\t\t\n\t\t\t<\/div>\n\t\t\t\n\t\t<\/div>\n\t\t\t\t\t\t<\/div>\n\t\t\t\t<\/div>\n\t\t\t\t\t<\/div>\n\t\t<\/div>\n\t\t\t\t\t<\/div>\n\t\t<\/section>\n\t\t\t\t<\/div>\n\t\t","protected":false},"excerpt":{"rendered":"<p>W\u00e4hrend der Eingew\u00f6hnung durchlaufen alle Kinder und Eltern die wichtigsten Phasen, die in der L\u00e4nge aber variieren k\u00f6nnen. Da jedes Kind individuell ist, wird auch die Eingew\u00f6hnung indiviuell auf die jeweiligen Bed\u00fcrfnisse abgestimmt. Wir holen das Kind da ab, wo es in seiner Entwicklung gerade steht und das Kind wird sanft an den neuen Tagesablauf [&hellip;]<\/p>\n","protected":false},"author":1,"featured_media":0,"parent":0,"menu_order":0,"comment_status":"closed","ping_status":"closed","template":"","meta":{"ocean_post_layout":"","ocean_both_sidebars_style":"","ocean_both_sidebars_content_width":0,"ocean_both_sidebars_sidebars_width":0,"ocean_sidebar":"0","ocean_second_sidebar":"0","ocean_disable_margins":"enable","ocean_add_body_class":"","ocean_shortcode_before_top_bar":"","ocean_shortcode_after_top_bar":"","ocean_shortcode_before_header":"","ocean_shortcode_after_header":"","ocean_has_shortcode":"","ocean_shortcode_after_title":"","ocean_shortcode_before_footer_widgets":"","ocean_shortcode_after_footer_widgets":"","ocean_shortcode_before_footer_bottom":"","ocean_shortcode_after_footer_bottom":"","ocean_display_top_bar":"default","ocean_display_header":"default","ocean_header_style":"","ocean_center_header_left_menu":"0","ocean_custom_header_template":"0","ocean_custom_logo":0,"ocean_custom_retina_logo":0,"ocean_custom_logo_max_width":0,"ocean_custom_logo_tablet_max_width":0,"ocean_custom_logo_mobile_max_width":0,"ocean_custom_logo_max_height":0,"ocean_custom_logo_tablet_max_height":0,"ocean_custom_logo_mobile_max_height":0,"ocean_header_custom_menu":"0","ocean_menu_typo_font_family":"0","ocean_menu_typo_font_subset":"","ocean_menu_typo_font_size":0,"ocean_menu_typo_font_size_tablet":0,"ocean_menu_typo_font_size_mobile":0,"ocean_menu_typo_font_size_unit":"px","ocean_menu_typo_font_weight":"","ocean_menu_typo_font_weight_tablet":"","ocean_menu_typo_font_weight_mobile":"","ocean_menu_typo_transform":"","ocean_menu_typo_transform_tablet":"","ocean_menu_typo_transform_mobile":"","ocean_menu_typo_line_height":0,"ocean_menu_typo_line_height_tablet":0,"ocean_menu_typo_line_height_mobile":0,"ocean_menu_typo_line_height_unit":"","ocean_menu_typo_spacing":0,"ocean_menu_typo_spacing_tablet":0,"ocean_menu_typo_spacing_mobile":0,"ocean_menu_typo_spacing_unit":"","ocean_menu_link_color":"","ocean_menu_link_color_hover":"","ocean_menu_link_color_active":"","ocean_menu_link_background":"","ocean_menu_link_hover_background":"","ocean_menu_link_active_background":"","ocean_menu_social_links_bg":"","ocean_menu_social_hover_links_bg":"","ocean_menu_social_links_color":"","ocean_menu_social_hover_links_color":"","ocean_disable_title":"default","ocean_disable_heading":"default","ocean_post_title":"","ocean_post_subheading":"","ocean_post_title_style":"","ocean_post_title_background_color":"","ocean_post_title_background":0,"ocean_post_title_bg_image_position":"","ocean_post_title_bg_image_attachment":"","ocean_post_title_bg_image_repeat":"","ocean_post_title_bg_image_size":"","ocean_post_title_height":0,"ocean_post_title_bg_overlay":0.5,"ocean_post_title_bg_overlay_color":"","ocean_disable_breadcrumbs":"default","ocean_breadcrumbs_color":"","ocean_breadcrumbs_separator_color":"","ocean_breadcrumbs_links_color":"","ocean_breadcrumbs_links_hover_color":"","ocean_display_footer_widgets":"default","ocean_display_footer_bottom":"default","ocean_custom_footer_template":"0","omw_enable_modal_window":"enable","footnotes":""},"class_list":["post-778","page","type-page","status-publish","hentry","entry"],"_links":{"self":[{"href":"https:\/\/zwergenvilla-nuthetal.de\/index.php?rest_route=\/wp\/v2\/pages\/778","targetHints":{"allow":["GET"]}}],"collection":[{"href":"https:\/\/zwergenvilla-nuthetal.de\/index.php?rest_route=\/wp\/v2\/pages"}],"about":[{"href":"https:\/\/zwergenvilla-nuthetal.de\/index.php?rest_route=\/wp\/v2\/types\/page"}],"author":[{"embeddable":true,"href":"https:\/\/zwergenvilla-nuthetal.de\/index.php?rest_route=\/wp\/v2\/users\/1"}],"replies":[{"embeddable":true,"href":"https:\/\/zwergenvilla-nuthetal.de\/index.php?rest_route=%2Fwp%2Fv2%2Fcomments&post=778"}],"version-history":[{"count":12,"href":"https:\/\/zwergenvilla-nuthetal.de\/index.php?rest_route=\/wp\/v2\/pages\/778\/revisions"}],"predecessor-version":[{"id":1658,"href":"https:\/\/zwergenvilla-nuthetal.de\/index.php?rest_route=\/wp\/v2\/pages\/778\/revisions\/1658"}],"wp:attachment":[{"href":"https:\/\/zwergenvilla-nuthetal.de\/index.php?rest_route=%2Fwp%2Fv2%2Fmedia&parent=778"}],"curies":[{"name":"wp","href":"https:\/\/api.w.org\/{rel}","templated":true}]}}